{"id":9290,"date":"2026-03-19T08:56:06","date_gmt":"2026-03-19T04:56:06","guid":{"rendered":"https:\/\/groupecaille.com\/?page_id=9290"},"modified":"2026-03-19T08:56:43","modified_gmt":"2026-03-19T04:56:43","slug":"19-mar-agent-administratif-h-f-leader-price-saint-gilles","status":"publish","type":"page","link":"https:\/\/groupecaille.com\/index.php\/19-mar-agent-administratif-h-f-leader-price-saint-gilles\/","title":{"rendered":"19 Mar &#8211; AGENT ADMINISTRATIF H\/F &#8211; CAILLE GRANDE DISTRIBUTION"},"content":{"rendered":"\n[et_pb_section fb_built=\u00a0\u00bb1&Prime; _builder_version=\u00a0\u00bb4.16&Prime; _module_preset=\u00a0\u00bbdefault\u00a0\u00bb min_height=\u00a0\u00bb947.4px\u00a0\u00bb da_disable_devices=\u00a0\u00bboff|off|off\u00a0\u00bb global_colors_info=\u00a0\u00bb{}\u00a0\u00bb da_is_popup=\u00a0\u00bboff\u00a0\u00bb da_exit_intent=\u00a0\u00bboff\u00a0\u00bb da_has_close=\u00a0\u00bbon\u00a0\u00bb da_alt_close=\u00a0\u00bboff\u00a0\u00bb da_dark_close=\u00a0\u00bboff\u00a0\u00bb da_not_modal=\u00a0\u00bbon\u00a0\u00bb da_is_singular=\u00a0\u00bboff\u00a0\u00bb da_with_loader=\u00a0\u00bboff\u00a0\u00bb da_has_shadow=\u00a0\u00bbon\u00a0\u00bb][et_pb_row _builder_version=\u00a0\u00bb4.16&Prime; _module_preset=\u00a0\u00bbdefault\u00a0\u00bb background_color=\u00a0\u00bb#a4326b\u00a0\u00bb global_colors_info=\u00a0\u00bb{}\u00a0\u00bb][et_pb_column type=\u00a0\u00bb4_4&Prime; _builder_version=\u00a0\u00bb4.16&Prime; _module_preset=\u00a0\u00bbdefault\u00a0\u00bb global_colors_info=\u00a0\u00bb{}\u00a0\u00bb][et_pb_text _builder_version=\u00a0\u00bb4.20.2&Prime; _module_preset=\u00a0\u00bbdefault\u00a0\u00bb header_font=\u00a0\u00bb|||on|||||\u00a0\u00bb header_text_align=\u00a0\u00bbcenter\u00a0\u00bb header_text_color=\u00a0\u00bb#ffffff\u00a0\u00bb header_2_text_align=\u00a0\u00bbcenter\u00a0\u00bb header_2_text_color=\u00a0\u00bb#FFFFFF\u00a0\u00bb header_2_font_size=\u00a0\u00bb24px\u00a0\u00bb global_colors_info=\u00a0\u00bb{}\u00a0\u00bb]<div class=\"page\" title=\"Page 1\">\n<div class=\"section\">\n<div class=\"layoutArea\">\n<div class=\"column\">\n<h2><span>AGENT ADMINISTRATIF H\/F<\/span><\/h2>\n<h2>CAILLE GRANDE DISTRIBUTION<\/h2>\n<\/div>\n<\/div>\n<\/div>\n<\/div>[\/et_pb_text][\/et_pb_column][\/et_pb_row][et_pb_row _builder_version=\u00a0\u00bb4.20.2&Prime; _module_preset=\u00a0\u00bbdefault\u00a0\u00bb global_colors_info=\u00a0\u00bb{}\u00a0\u00bb][et_pb_column type=\u00a0\u00bb4_4&Prime; _builder_version=\u00a0\u00bb4.16&Prime; _module_preset=\u00a0\u00bbdefault\u00a0\u00bb global_colors_info=\u00a0\u00bb{}\u00a0\u00bb][et_pb_text _builder_version=\u00a0\u00bb4.20.2&Prime; _module_preset=\u00a0\u00bbdefault\u00a0\u00bb background_enable_image=\u00a0\u00bboff\u00a0\u00bb background_size=\u00a0\u00bbcustom\u00a0\u00bb background_image_width=\u00a0\u00bb15%\u00a0\u00bb background_position=\u00a0\u00bbtop_right\u00a0\u00bb min_height=\u00a0\u00bb509.8px\u00a0\u00bb custom_margin=\u00a0\u00bb||0px||false|false\u00a0\u00bb custom_padding=\u00a0\u00bb38px||0px||false|false\u00a0\u00bb global_colors_info=\u00a0\u00bb{}\u00a0\u00bb]<div class=\"elementToProof\">\n<div class=\"elementToProof\">\n<div class=\"elementToProof\">\n<div class=\"elementToProof\">\n<div class=\"elementToProof\">\n<div class=\"elementToProof\">\n<div class=\"elementToProof\">\n<div class=\"elementToProof\">\n<div class=\"elementToProof\">\n<div class=\"elementToProof\">\n<div class=\"elementToProof\">\n<div class=\"elementToProof\">\n<div class=\"elementToProof\">\n<div class=\"elementToProof\">\n<div class=\"elementToProof\">\n<div class=\"elementToProof\">\n<div class=\"elementToProof\">\n<div class=\"elementToProof\">\n<div class=\"x_elementToProof\">\n<div class=\"elementToProof\">\n<div class=\"elementToProof\">\n<div class=\"elementToProof\">\n<div class=\"elementToProof\">\n<div class=\"elementToProof\">\n<div class=\"elementToProof\">\n<div class=\"elementToProof\">\n<div class=\"elementToProof\">\n<div class=\"elementToProof\">\n<div class=\"elementToProof\">REJOIGNEZ UN GROUPE LEADER<br \/>A LA REUNION<br \/>Groupe Caill\u00e9 recrute pour Caill\u00e9 Grande Distribution!<\/div>\n<div class=\"elementToProof\"><span>\u00a0<\/span><\/div>\n<div class=\"elementToProof\">Caill\u00e9 Grande Distribution recrute un(e) AGENT ADMINISTRATIF H\/F &#8211; CDD.<\/div>\n<div class=\"elementToProof\">Au sein du p\u00f4le achats marchandises du service comptabilit\u00e9 de Caill\u00e9 Grande Distribution, vous contribuez \u00e0 la fiabilit\u00e9 et \u00e0 la bonne gestion des flux financiers li\u00e9s aux marchandises.<\/div>\n<div class=\"elementToProof\">Dans un environnement structur\u00e9 et dynamique, vous jouez un r\u00f4le cl\u00e9 dans le suivi et le traitement des factures fournisseurs, en lien avec les \u00e9quipes internes et les partenaires externes.<\/div>\n<div class=\"elementToProof\"><span>Votre mission principale ?<\/span><br \/>Garantir un traitement rigoureux, fluide et fiable des op\u00e9rations comptables li\u00e9es aux achats de marchandises, tout en assurant un suivi pr\u00e9cis des dossiers.<\/div>\n<div class=\"elementToProof\">Au quotidien, vous interviendrez notamment sur :<\/div>\n<div class=\"elementToProof\"><span>Achats import :<\/span><br \/>\u2022 La pr\u00e9paration des dossiers de revient,<br \/>\u2022 L\u2019\u00e9dition et le suivi des bons de r\u00e9ception,<br \/>\u2022 L\u2019\u00e9tablissement et le suivi des demandes d\u2019avoirs,<br \/>\u2022 L\u2019archivage des dossiers d\u2019importation.<\/div>\n<div class=\"elementToProof\"><span>Achats locaux :<\/span><br \/>\u2022 L\u2019enregistrement r\u00e9gulier des factures et avoirs fournisseurs,<br \/>\u2022 Le suivi des demandes d\u2019avoirs aupr\u00e8s des fournisseurs,<br \/>\u2022 L\u2019archivage et la conservation des documents obligatoires.<\/div>\n<div class=\"elementToProof\"><b>Profil<\/b><\/div>\n<div class=\"elementToProof\"><span>Le profil que nous recherchons :<\/span><br \/>Vous avez un r\u00e9el int\u00e9r\u00eat pour les m\u00e9tiers de la comptabilit\u00e9 et de la gestion, et vous souhaitez \u00e9voluer dans un environnement structur\u00e9 et exigeant.<\/div>\n<div class=\"elementToProof\">Au-del\u00e0 de votre parcours, vous vous distinguerez par :<br \/>\u2022 Votre rigueur, votre sens de l\u2019organisation et votre m\u00e9thode,<br \/>\u2022 Votre rapidit\u00e9 d\u2019ex\u00e9cution alli\u00e9e \u00e0 votre souci du d\u00e9tail,<br \/>\u2022 Votre aisance avec les outils bureautiques (Word, Excel, Outlook),<br \/>\u2022 Votre implication et votre capacit\u00e9 \u00e0 travailler en \u00e9quipe.<\/div>\n<div class=\"elementToProof\"><span>Pourquoi nous rejoindre ?<\/span><br \/>Int\u00e9grer le Groupe Caill\u00e9, c\u2019est rejoindre un acteur majeur de l\u2019\u00e9conomie r\u00e9unionnaise, solidement ancr\u00e9 dans des secteurs vari\u00e9s : l\u2019automobile, la grande distribution et la restauration.<br \/>Un groupe reconnu pour son dynamisme, ses valeurs humaines et sa volont\u00e9 d\u2019offrir \u00e0 chacun un environnement de travail stimulant et \u00e9volutif.<\/div>\n<div class=\"elementToProof\">Le Groupe Caill\u00e9 est un employeur garantissant l\u2019\u00e9galit\u00e9 des chances et valorisant la diversit\u00e9 au sein de ses \u00e9quipes.<\/div>\n<div class=\"elementToProof\"><span>Ce que nous vous offrons :<\/span><br \/>\u2022 Un package d\u2019avantages collectifs complet (13\u1d49 mois, titres-restaurant, bon d\u2019achat en fin d\u2019ann\u00e9e\u2026),<br \/>\u2022 Un environnement professionnel structur\u00e9, stimulant et s\u00e9curis\u00e9,<br \/>\u2022 Un accompagnement dans votre prise de poste et votre \u00e9volution.<\/div>\n<div class=\"elementToProof\"><\/div>\n<div class=\"elementToProof\"><a href=\"mailto:job-ref-ghzvgt8cr5@emploi.beetween.com\">job-ref-ghzvgt8cr5@emploi.beetween.com<\/a><\/div>\n<\/div>\n<\/div>\n<\/div>\n<\/div>\n<\/div>\n<\/div>\n<\/div>\n<\/div>\n<\/div>\n<\/div>\n<\/div>\n<\/div>\n<\/div>\n<\/div>\n<\/div>\n<\/div>\n<\/div>\n<\/div>\n<\/div>\n<\/div>\n<\/div>\n<\/div>\n<\/div>\n<\/div>\n<\/div>\n<\/div>\n<\/div>\n<\/div>[\/et_pb_text][\/et_pb_column][\/et_pb_row][et_pb_row _builder_version=\u00a0\u00bb4.16&Prime; _module_preset=\u00a0\u00bbdefault\u00a0\u00bb global_colors_info=\u00a0\u00bb{}\u00a0\u00bb][et_pb_column type=\u00a0\u00bb4_4&Prime; _builder_version=\u00a0\u00bb4.16&Prime; _module_preset=\u00a0\u00bbdefault\u00a0\u00bb global_colors_info=\u00a0\u00bb{}\u00a0\u00bb][et_pb_button button_url=\u00a0\u00bbmailto:job-ref-ghzvgt8cr5@emploi.beetween.com\u00a0\u00bb button_text=\u00a0\u00bbPOSTULEZ ICI\u00a0\u00bb _builder_version=\u00a0\u00bb4.20.2&Prime; _module_preset=\u00a0\u00bbdefault\u00a0\u00bb custom_button=\u00a0\u00bbon\u00a0\u00bb button_text_color=\u00a0\u00bb#ffffff\u00a0\u00bb button_bg_color=\u00a0\u00bb#a4326b\u00a0\u00bb button_border_width=\u00a0\u00bb0px\u00a0\u00bb button_icon=\u00a0\u00bb&#x6c;||divi||400&Prime; button_icon_placement=\u00a0\u00bbleft\u00a0\u00bb global_colors_info=\u00a0\u00bb{}\u00a0\u00bb][\/et_pb_button][\/et_pb_column][\/et_pb_row][et_pb_row _builder_version=\u00a0\u00bb4.16&Prime; _module_preset=\u00a0\u00bbdefault\u00a0\u00bb global_colors_info=\u00a0\u00bb{}\u00a0\u00bb][et_pb_column type=\u00a0\u00bb4_4&Prime; _builder_version=\u00a0\u00bb4.16&Prime; _module_preset=\u00a0\u00bbdefault\u00a0\u00bb global_colors_info=\u00a0\u00bb{}\u00a0\u00bb][et_pb_button button_url=\u00a0\u00bb@ET-DC@eyJkeW5hbWljIjp0cnVlLCJjb250ZW50IjoicG9zdF9saW5rX3VybF9wYWdlIiwic2V0dGluZ3MiOnsicG9zdF9pZCI6IjExMTkifX0=@\u00a0\u00bb button_text=\u00a0\u00bbRETOUR AUX OFFRES\u00a0\u00bb _builder_version=\u00a0\u00bb4.16&Prime; _dynamic_attributes=\u00a0\u00bbbutton_url\u00a0\u00bb _module_preset=\u00a0\u00bbdefault\u00a0\u00bb custom_button=\u00a0\u00bbon\u00a0\u00bb button_text_color=\u00a0\u00bb#ffffff\u00a0\u00bb button_bg_color=\u00a0\u00bb#a4326b\u00a0\u00bb button_border_width=\u00a0\u00bb0px\u00a0\u00bb button_icon=\u00a0\u00bb&#x34;||divi||400&Prime; button_icon_placement=\u00a0\u00bbleft\u00a0\u00bb global_colors_info=\u00a0\u00bb{}\u00a0\u00bb][\/et_pb_button][\/et_pb_column][\/et_pb_row][\/et_pb_section]\n","protected":false},"excerpt":{"rendered":"<p>AGENT ADMINISTRATIF H\/F CAILLE GRANDE DISTRIBUTION REJOIGNEZ UN GROUPE LEADERA LA REUNIONGroupe Caill\u00e9 recrute pour Caill\u00e9 Grande Distribution! \u00a0 Caill\u00e9 Grande Distribution recrute un(e) AGENT ADMINISTRATIF H\/F &#8211; CDD. Au sein du p\u00f4le achats marchandises du service comptabilit\u00e9 de Caill\u00e9 Grande Distribution, vous contribuez \u00e0 la fiabilit\u00e9 et \u00e0 la bonne gestion des flux financiers [&hellip;]<\/p>\n","protected":false},"author":21,"featured_media":0,"parent":0,"menu_order":0,"comment_status":"closed","ping_status":"closed","template":"page-template-blank.php","meta":{"_et_pb_use_builder":"on","_et_pb_old_content":"","_et_gb_content_width":""},"_links":{"self":[{"href":"https:\/\/groupecaille.com\/index.php\/wp-json\/wp\/v2\/pages\/9290"}],"collection":[{"href":"https:\/\/groupecaille.com\/index.php\/wp-json\/wp\/v2\/pages"}],"about":[{"href":"https:\/\/groupecaille.com\/index.php\/wp-json\/wp\/v2\/types\/page"}],"author":[{"embeddable":true,"href":"https:\/\/groupecaille.com\/index.php\/wp-json\/wp\/v2\/users\/21"}],"replies":[{"embeddable":true,"href":"https:\/\/groupecaille.com\/index.php\/wp-json\/wp\/v2\/comments?post=9290"}],"version-history":[{"count":4,"href":"https:\/\/groupecaille.com\/index.php\/wp-json\/wp\/v2\/pages\/9290\/revisions"}],"predecessor-version":[{"id":9294,"href":"https:\/\/groupecaille.com\/index.php\/wp-json\/wp\/v2\/pages\/9290\/revisions\/9294"}],"wp:attachment":[{"href":"https:\/\/groupecaille.com\/index.php\/wp-json\/wp\/v2\/media?parent=9290"}],"curies":[{"name":"wp","href":"https:\/\/api.w.org\/{rel}","templated":true}]}}