{"id":9109,"date":"2026-01-09T09:36:33","date_gmt":"2026-01-09T05:36:33","guid":{"rendered":"https:\/\/groupecaille.com\/?page_id=9109"},"modified":"2026-01-09T09:36:33","modified_gmt":"2026-01-09T05:36:33","slug":"09janv26-vendeurse-itinerante-capr-le-port","status":"publish","type":"page","link":"https:\/\/groupecaille.com\/index.php\/09janv26-vendeurse-itinerante-capr-le-port\/","title":{"rendered":"09Janv26-VENDEURSE ITINERANTE\u00a0 &#8211; CAPR LE PORT"},"content":{"rendered":"<p>[et_pb_section fb_built=\u00a0\u00bb1&Prime; _builder_version=\u00a0\u00bb4.16&Prime; _module_preset=\u00a0\u00bbdefault\u00a0\u00bb min_height=\u00a0\u00bb947.4px\u00a0\u00bb da_disable_devices=\u00a0\u00bboff|off|off\u00a0\u00bb global_colors_info=\u00a0\u00bb{}\u00a0\u00bb theme_builder_area=\u00a0\u00bbpost_content\u00a0\u00bb da_is_popup=\u00a0\u00bboff\u00a0\u00bb da_exit_intent=\u00a0\u00bboff\u00a0\u00bb da_has_close=\u00a0\u00bbon\u00a0\u00bb da_alt_close=\u00a0\u00bboff\u00a0\u00bb da_dark_close=\u00a0\u00bboff\u00a0\u00bb da_not_modal=\u00a0\u00bbon\u00a0\u00bb da_is_singular=\u00a0\u00bboff\u00a0\u00bb da_with_loader=\u00a0\u00bboff\u00a0\u00bb da_has_shadow=\u00a0\u00bbon\u00a0\u00bb][et_pb_row _builder_version=\u00a0\u00bb4.16&Prime; _module_preset=\u00a0\u00bbdefault\u00a0\u00bb background_color=\u00a0\u00bb#a4326b\u00a0\u00bb global_colors_info=\u00a0\u00bb{}\u00a0\u00bb theme_builder_area=\u00a0\u00bbpost_content\u00a0\u00bb][et_pb_column type=\u00a0\u00bb4_4&Prime; _builder_version=\u00a0\u00bb4.16&Prime; _module_preset=\u00a0\u00bbdefault\u00a0\u00bb global_colors_info=\u00a0\u00bb{}\u00a0\u00bb theme_builder_area=\u00a0\u00bbpost_content\u00a0\u00bb][et_pb_text _builder_version=\u00a0\u00bb4.20.2&Prime; _module_preset=\u00a0\u00bbdefault\u00a0\u00bb header_font=\u00a0\u00bb|||on|||||\u00a0\u00bb header_text_align=\u00a0\u00bbcenter\u00a0\u00bb header_text_color=\u00a0\u00bb#ffffff\u00a0\u00bb header_2_text_align=\u00a0\u00bbcenter\u00a0\u00bb header_2_text_color=\u00a0\u00bb#FFFFFF\u00a0\u00bb header_2_font_size=\u00a0\u00bb24px\u00a0\u00bb hover_enabled=\u00a0\u00bb0&Prime; global_colors_info=\u00a0\u00bb{}\u00a0\u00bb theme_builder_area=\u00a0\u00bbpost_content\u00a0\u00bb sticky_enabled=\u00a0\u00bb0&Prime;]<\/p>\n<div class=\"page\" title=\"Page 1\">\n<div class=\"section\">\n<div class=\"layoutArea\">\n<div class=\"column\">\n<h2><b>VENDEUR.SE ITINERANT.E\u00a0 <\/b><\/h2>\n<h2>\u00a0C.A.P.R LE PORT<\/h2>\n<\/div>\n<\/div>\n<\/div>\n<\/div>\n<p>[\/et_pb_text][\/et_pb_column][\/et_pb_row][et_pb_row column_structure=\u00a0\u00bb1_2,1_2&Prime; _builder_version=\u00a0\u00bb4.20.2&Prime; _module_preset=\u00a0\u00bbdefault\u00a0\u00bb custom_padding=\u00a0\u00bb14px||0px||false|false\u00a0\u00bb global_colors_info=\u00a0\u00bb{}\u00a0\u00bb theme_builder_area=\u00a0\u00bbpost_content\u00a0\u00bb][et_pb_column type=\u00a0\u00bb1_2&Prime; _builder_version=\u00a0\u00bb4.20.2&Prime; _module_preset=\u00a0\u00bbdefault\u00a0\u00bb global_colors_info=\u00a0\u00bb{}\u00a0\u00bb theme_builder_area=\u00a0\u00bbpost_content\u00a0\u00bb][\/et_pb_column][et_pb_column type=\u00a0\u00bb1_2&Prime; _builder_version=\u00a0\u00bb4.20.2&Prime; _module_preset=\u00a0\u00bbdefault\u00a0\u00bb global_colors_info=\u00a0\u00bb{}\u00a0\u00bb theme_builder_area=\u00a0\u00bbpost_content\u00a0\u00bb][et_pb_image src=\u00a0\u00bbhttps:\/\/groupecaille.com\/wp-content\/uploads\/2025\/08\/Fichier-2@3x.png\u00a0\u00bb title_text=\u00a0\u00bbFichier 2@3x\u00a0\u00bb align=\u00a0\u00bbright\u00a0\u00bb _builder_version=\u00a0\u00bb4.20.2&Prime; _module_preset=\u00a0\u00bbdefault\u00a0\u00bb width=\u00a0\u00bb34%\u00a0\u00bb hover_enabled=\u00a0\u00bb0&Prime; global_colors_info=\u00a0\u00bb{}\u00a0\u00bb theme_builder_area=\u00a0\u00bbpost_content\u00a0\u00bb sticky_enabled=\u00a0\u00bb0&Prime;][\/et_pb_image][\/et_pb_column][\/et_pb_row][et_pb_row _builder_version=\u00a0\u00bb4.20.2&Prime; _module_preset=\u00a0\u00bbdefault\u00a0\u00bb global_colors_info=\u00a0\u00bb{}\u00a0\u00bb theme_builder_area=\u00a0\u00bbpost_content\u00a0\u00bb][et_pb_column type=\u00a0\u00bb4_4&Prime; _builder_version=\u00a0\u00bb4.16&Prime; _module_preset=\u00a0\u00bbdefault\u00a0\u00bb global_colors_info=\u00a0\u00bb{}\u00a0\u00bb theme_builder_area=\u00a0\u00bbpost_content\u00a0\u00bb][et_pb_text _builder_version=\u00a0\u00bb4.20.2&Prime; _module_preset=\u00a0\u00bbdefault\u00a0\u00bb background_enable_image=\u00a0\u00bboff\u00a0\u00bb background_size=\u00a0\u00bbcustom\u00a0\u00bb background_image_width=\u00a0\u00bb15%\u00a0\u00bb background_position=\u00a0\u00bbtop_right\u00a0\u00bb min_height=\u00a0\u00bb509.8px\u00a0\u00bb custom_margin=\u00a0\u00bb||0px||false|false\u00a0\u00bb custom_padding=\u00a0\u00bb38px||0px||false|false\u00a0\u00bb hover_enabled=\u00a0\u00bb0&Prime; global_colors_info=\u00a0\u00bb{}\u00a0\u00bb theme_builder_area=\u00a0\u00bbpost_content\u00a0\u00bb sticky_enabled=\u00a0\u00bb0&Prime;]<\/p>\n<div class=\"elementToProof\">\n<div class=\"elementToProof\">\n<div class=\"elementToProof\">\n<div class=\"elementToProof\">\n<div class=\"elementToProof\">\n<div class=\"elementToProof\">\n<div class=\"elementToProof\">\n<div class=\"elementToProof\">\n<div class=\"elementToProof\">\n<div class=\"elementToProof\">\n<div class=\"elementToProof\">\n<div class=\"elementToProof\">\n<div class=\"elementToProof\">\n<div class=\"elementToProof\">\n<div class=\"elementToProof\">\n<div class=\"elementToProof\">\n<div class=\"elementToProof\">\n<div class=\"elementToProof\">\n<div class=\"x_elementToProof\">\n<div class=\"elementToProof\">\n<div class=\"elementToProof\">\n<div class=\"elementToProof\">\n<div class=\"elementToProof\">\n<div class=\"elementToProof\">\n<div class=\"elementToProof\">\n<div class=\"elementToProof\">La branche automobile du Groupe Caill\u00e9 recrute <span>un.e <a href=\"http:\/\/vendeur.se\/\">Vendeur.se<\/a> Itin\u00e9rant.e<\/span>\u00a0pour sa plateforme de Pi\u00e8ces de Rechange et Accessoires, situ\u00e9e au Port !<\/div>\n<div class=\"elementToProof\">Sp\u00e9cialiste de la pi\u00e8ce de rechange multimarque, vous \u00e9voluerez au c\u0153ur d\u2019un environnement dynamique, orient\u00e9 performance et satisfaction client.<\/div>\n<div class=\"elementToProof\">V\u00e9ritable femme \/ homme de terrain, vous \u00eates anim\u00e9.e par le go\u00fbt du contact, la conqu\u00eate commerciale et la fid\u00e9lisation durable.<\/div>\n<div class=\"elementToProof\"><span>Votre mission principale ?<\/span><\/div>\n<div class=\"elementToProof\"><b><br \/><\/b>D\u00e9velopper et p\u00e9renniser un portefeuille clients sur un secteur g\u00e9ographique d\u00e9fini, en commercialisant l\u2019ensemble de notre gamme de pi\u00e8ces de rechange multimarques et d\u2019accessoires, tout en garantissant un haut niveau de service et l\u2019atteinte des objectifs commerciaux.<\/div>\n<div class=\"elementToProof\">V\u00e9ritable ambassadeur.rice. de l\u2019entreprise sur votre secteur, vous aurez pour missions de :<\/div>\n<ul>\n<li>\n<div role=\"presentation\" class=\"elementToProof\">Prospecter activement de nouveaux clients et d\u00e9velopper votre zone de chalandise,<\/div>\n<\/li>\n<li>\n<div role=\"presentation\" class=\"elementToProof\">Fid\u00e9liser et animer le portefeuille clients existant par une pr\u00e9sence terrain r\u00e9guli\u00e8re et structur\u00e9e,<\/div>\n<\/li>\n<li>\n<div role=\"presentation\" class=\"elementToProof\">Identifier pr\u00e9cis\u00e9ment les besoins de vos clients et proposer des solutions adapt\u00e9es (produits, d\u00e9lais, services),<\/div>\n<\/li>\n<li>\n<div role=\"presentation\" class=\"elementToProof\">Commercialiser l\u2019ensemble de la gamme de pi\u00e8ces de rechange multimarques et accessoires,<\/div>\n<\/li>\n<li>\n<div role=\"presentation\" class=\"elementToProof\">N\u00e9gocier les conditions commerciales dans le respect de la politique de l\u2019entreprise,<\/div>\n<\/li>\n<li>\n<div role=\"presentation\" class=\"elementToProof\">Assurer le suivi des commandes, des livraisons et la gestion des \u00e9ventuels litiges,<\/div>\n<\/li>\n<li>\n<div role=\"presentation\" class=\"elementToProof\">Mettre en avant les op\u00e9rations commerciales, promotions et nouveaut\u00e9s produits,<\/div>\n<\/li>\n<li>\n<div role=\"presentation\" class=\"elementToProof\">R\u00e9aliser une veille concurrentielle active et remonter les informations march\u00e9,<\/div>\n<\/li>\n<li>\n<div role=\"presentation\" class=\"elementToProof\">Renseigner et mettre \u00e0 jour le CRM (comptes rendus de visites, opportunit\u00e9s, pr\u00e9visions),<\/div>\n<\/li>\n<li>\n<div role=\"presentation\" class=\"elementToProof\">Participer aux r\u00e9unions commerciales et aux formations produits.<\/div>\n<\/li>\n<\/ul>\n<div><\/div>\n<div class=\"elementToProof\"><span>Vos objectifs :<\/span><\/div>\n<ul>\n<li>\n<div role=\"presentation\" class=\"elementToProof\">Atteindre les objectifs de chiffre d\u2019affaires et de marge,<\/div>\n<\/li>\n<li>\n<div role=\"presentation\" class=\"elementToProof\">D\u00e9velopper le nombre de clients actifs sur votre secteur,<\/div>\n<\/li>\n<li>\n<div role=\"presentation\" class=\"elementToProof\">Augmenter le panier moyen et promouvoir les gammes strat\u00e9giques,<\/div>\n<\/li>\n<li>\n<div role=\"presentation\" class=\"elementToProof\">Garantir un haut niveau de satisfaction et de fid\u00e9lisation client.<\/div>\n<\/li>\n<\/ul>\n<div class=\"elementToProof\"><b>\u00a0<\/b><\/div>\n<div class=\"elementToProof\"><span>Le profil que nous recherchons :<\/span><\/div>\n<div class=\"elementToProof\">Issu.e d\u2019une formation commerciale ou fort.e d\u2019une exp\u00e9rience r\u00e9ussie dans la vente BtoB, id\u00e9alement dans l\u2019univers de la pi\u00e8ce de rechange ou de l\u2019automobile, vous \u00eates avant tout un.e commercial.e de terrain, autonome et orient\u00e9.e r\u00e9sultats.<\/div>\n<div class=\"elementToProof\">Vous vous distinguez par :<\/div>\n<ul>\n<li>\n<div role=\"presentation\" class=\"elementToProof\">Votre excellente connaissance des pi\u00e8ces de rechange multimarques et\/ou de leur environnement,<\/div>\n<\/li>\n<li>\n<div role=\"presentation\" class=\"elementToProof\">Votre sens du service client et votre aisance relationnelle,<\/div>\n<\/li>\n<li>\n<div role=\"presentation\" class=\"elementToProof\">Votre autonomie, votre organisation et votre rigueur dans le suivi de votre activit\u00e9,<\/div>\n<\/li>\n<li>\n<div role=\"presentation\" class=\"elementToProof\">Votre t\u00e9nacit\u00e9, votre dynamisme et votre go\u00fbt du challenge,<\/div>\n<\/li>\n<li>\n<div role=\"presentation\" class=\"elementToProof\">Votre ma\u00eetrise des outils bureautiques (Pack Office).<\/div>\n<\/li>\n<\/ul>\n<div class=\"elementToProof\">Le poste impliquant de nombreux d\u00e9placements, le permis B est indispensable.<\/div>\n<div>\n<\/div>\n<div class=\"elementToProof\"><span>Pourquoi nous rejoindre ?<\/span><\/div>\n<div class=\"elementToProof\">Int\u00e9grer <span>le Groupe Caill\u00e9<\/span>, c\u2019est rejoindre <span>un acteur majeur de l\u2019\u00e9conomie r\u00e9unionnaise<\/span>, solidement ancr\u00e9 dans des secteurs vari\u00e9s :<span>l\u2019automobile<\/span>, <span>la grande distribution<\/span>, et <span>la restauration<\/span>.<br \/>Un groupe reconnu pour son dynamisme, ses valeurs humaines et sa volont\u00e9 d\u2019offrir \u00e0 chacun un environnement de travail stimulant et \u00e9volutif.<\/div>\n<div class=\"elementToProof\">Le Groupe Caill\u00e9 est un employeur garantissant l\u2019\u00e9galit\u00e9 des chances et valorisant la diversit\u00e9 au sein de ses \u00e9quipes.<\/div>\n<div>\n<\/div>\n<div class=\"elementToProof\"><span>Ce que nous vous offrons :<\/span><\/div>\n<ul>\n<li>\n<div role=\"presentation\" class=\"elementToProof\">Un package d\u2019avantages collectifs complet\u00a0: des\u00a0titres-restaurant, 13\u00e8me mois, etc.<\/div>\n<\/li>\n<li>\n<div role=\"presentation\" class=\"elementToProof\">Une\u00a0r\u00e9mun\u00e9ration variable\u00a0qui valorisera vos performances<\/div>\n<\/li>\n<li>\n<div role=\"presentation\" class=\"elementToProof\">Des moyens sp\u00e9cifiques pour mener \u00e0 bien votre mission\u00a0tels que\u00a0: v\u00e9hicule de fonction, t\u00e9l\u00e9phone, ordinateur portable, etc.<\/div>\n<\/li>\n<\/ul>\n<div class=\"elementToProof\">Un environnement professionnel\u00a0stimulant\u00a0et\u00a0s\u00e9curis\u00e9<\/div>\n<\/div>\n<\/div>\n<\/div>\n<\/div>\n<\/div>\n<\/div>\n<\/div>\n<\/div>\n<\/div>\n<\/div>\n<\/div>\n<\/div>\n<\/div>\n<\/div>\n<\/div>\n<\/div>\n<\/div>\n<\/div>\n<\/div>\n<\/div>\n<\/div>\n<\/div>\n<\/div>\n<\/div>\n<\/div>\n<p>[\/et_pb_text][\/et_pb_column][\/et_pb_row][et_pb_row _builder_version=\u00a0\u00bb4.16&Prime; _module_preset=\u00a0\u00bbdefault\u00a0\u00bb global_colors_info=\u00a0\u00bb{}\u00a0\u00bb theme_builder_area=\u00a0\u00bbpost_content\u00a0\u00bb][et_pb_column type=\u00a0\u00bb4_4&Prime; _builder_version=\u00a0\u00bb4.16&Prime; _module_preset=\u00a0\u00bbdefault\u00a0\u00bb global_colors_info=\u00a0\u00bb{}\u00a0\u00bb theme_builder_area=\u00a0\u00bbpost_content\u00a0\u00bb][et_pb_button button_url=\u00a0\u00bbmailto:job-ref-2wxfxgiryp@emploi.beetween.com\u00a0\u00bb button_text=\u00a0\u00bbPOSTULEZ ICI\u00a0\u00bb _builder_version=\u00a0\u00bb4.20.2&Prime; _module_preset=\u00a0\u00bbdefault\u00a0\u00bb custom_button=\u00a0\u00bbon\u00a0\u00bb button_text_color=\u00a0\u00bb#ffffff\u00a0\u00bb button_bg_color=\u00a0\u00bb#a4326b\u00a0\u00bb button_border_width=\u00a0\u00bb0px\u00a0\u00bb button_icon=\u00a0\u00bb&#x6c;||divi||400&Prime; button_icon_placement=\u00a0\u00bbleft\u00a0\u00bb hover_enabled=\u00a0\u00bb0&Prime; global_colors_info=\u00a0\u00bb{}\u00a0\u00bb theme_builder_area=\u00a0\u00bbpost_content\u00a0\u00bb sticky_enabled=\u00a0\u00bb0&Prime;][\/et_pb_button][\/et_pb_column][\/et_pb_row][et_pb_row _builder_version=\u00a0\u00bb4.16&Prime; _module_preset=\u00a0\u00bbdefault\u00a0\u00bb global_colors_info=\u00a0\u00bb{}\u00a0\u00bb theme_builder_area=\u00a0\u00bbpost_content\u00a0\u00bb][et_pb_column type=\u00a0\u00bb4_4&Prime; _builder_version=\u00a0\u00bb4.16&Prime; _module_preset=\u00a0\u00bbdefault\u00a0\u00bb global_colors_info=\u00a0\u00bb{}\u00a0\u00bb theme_builder_area=\u00a0\u00bbpost_content\u00a0\u00bb][et_pb_button button_url=\u00a0\u00bb@ET-DC@eyJkeW5hbWljIjp0cnVlLCJjb250ZW50IjoicG9zdF9saW5rX3VybF9wYWdlIiwic2V0dGluZ3MiOnsicG9zdF9pZCI6IjExMTkifX0=@\u00a0\u00bb button_text=\u00a0\u00bbRETOUR AUX OFFRES\u00a0\u00bb _builder_version=\u00a0\u00bb4.16&Prime; _dynamic_attributes=\u00a0\u00bbbutton_url\u00a0\u00bb _module_preset=\u00a0\u00bbdefault\u00a0\u00bb custom_button=\u00a0\u00bbon\u00a0\u00bb button_text_color=\u00a0\u00bb#ffffff\u00a0\u00bb button_bg_color=\u00a0\u00bb#a4326b\u00a0\u00bb button_border_width=\u00a0\u00bb0px\u00a0\u00bb button_icon=\u00a0\u00bb&#x34;||divi||400&Prime; button_icon_placement=\u00a0\u00bbleft\u00a0\u00bb global_colors_info=\u00a0\u00bb{}\u00a0\u00bb theme_builder_area=\u00a0\u00bbpost_content\u00a0\u00bb][\/et_pb_button][\/et_pb_column][\/et_pb_row][\/et_pb_section]<\/p>\n","protected":false},"excerpt":{"rendered":"<p>VENDEUR.SE ITINERANT.E\u00a0 \u00a0C.A.P.R LE PORT La branche automobile du Groupe Caill\u00e9 recrute un.e Vendeur.se Itin\u00e9rant.e\u00a0pour sa plateforme de Pi\u00e8ces de Rechange et Accessoires, situ\u00e9e au Port ! Sp\u00e9cialiste de la pi\u00e8ce de rechange multimarque, vous \u00e9voluerez au c\u0153ur d\u2019un environnement dynamique, orient\u00e9 performance et satisfaction client. V\u00e9ritable femme \/ homme de terrain, vous \u00eates anim\u00e9.e [&hellip;]<\/p>\n","protected":false},"author":21,"featured_media":0,"parent":0,"menu_order":0,"comment_status":"closed","ping_status":"closed","template":"","meta":{"_et_pb_use_builder":"on","_et_pb_old_content":"","_et_gb_content_width":""},"_links":{"self":[{"href":"https:\/\/groupecaille.com\/index.php\/wp-json\/wp\/v2\/pages\/9109"}],"collection":[{"href":"https:\/\/groupecaille.com\/index.php\/wp-json\/wp\/v2\/pages"}],"about":[{"href":"https:\/\/groupecaille.com\/index.php\/wp-json\/wp\/v2\/types\/page"}],"author":[{"embeddable":true,"href":"https:\/\/groupecaille.com\/index.php\/wp-json\/wp\/v2\/users\/21"}],"replies":[{"embeddable":true,"href":"https:\/\/groupecaille.com\/index.php\/wp-json\/wp\/v2\/comments?post=9109"}],"version-history":[{"count":2,"href":"https:\/\/groupecaille.com\/index.php\/wp-json\/wp\/v2\/pages\/9109\/revisions"}],"predecessor-version":[{"id":9111,"href":"https:\/\/groupecaille.com\/index.php\/wp-json\/wp\/v2\/pages\/9109\/revisions\/9111"}],"wp:attachment":[{"href":"https:\/\/groupecaille.com\/index.php\/wp-json\/wp\/v2\/media?parent=9109"}],"curies":[{"name":"wp","href":"https:\/\/api.w.org\/{rel}","templated":true}]}}