{"id":8648,"date":"2025-05-05T09:07:23","date_gmt":"2025-05-05T05:07:23","guid":{"rendered":"https:\/\/groupecaille.com\/?page_id=8648"},"modified":"2025-05-05T09:07:23","modified_gmt":"2025-05-05T05:07:23","slug":"05maiapprentie-rh-sante-securite-au-travail-sst-groupe-caille","status":"publish","type":"page","link":"https:\/\/groupecaille.com\/index.php\/05maiapprentie-rh-sante-securite-au-travail-sst-groupe-caille\/","title":{"rendered":"05MaiAPPRENTIE RH \u2013 SANTE SECURITE AU TRAVAIL SST \u2013 GROUPE CAILLE"},"content":{"rendered":"<p>[et_pb_section fb_built=\u00a0\u00bb1&Prime; _builder_version=\u00a0\u00bb4.16&Prime; _module_preset=\u00a0\u00bbdefault\u00a0\u00bb min_height=\u00a0\u00bb947.4px\u00a0\u00bb da_disable_devices=\u00a0\u00bboff|off|off\u00a0\u00bb global_colors_info=\u00a0\u00bb{}\u00a0\u00bb theme_builder_area=\u00a0\u00bbpost_content\u00a0\u00bb da_is_popup=\u00a0\u00bboff\u00a0\u00bb da_exit_intent=\u00a0\u00bboff\u00a0\u00bb da_has_close=\u00a0\u00bbon\u00a0\u00bb da_alt_close=\u00a0\u00bboff\u00a0\u00bb da_dark_close=\u00a0\u00bboff\u00a0\u00bb da_not_modal=\u00a0\u00bbon\u00a0\u00bb da_is_singular=\u00a0\u00bboff\u00a0\u00bb da_with_loader=\u00a0\u00bboff\u00a0\u00bb da_has_shadow=\u00a0\u00bbon\u00a0\u00bb][et_pb_row _builder_version=\u00a0\u00bb4.16&Prime; _module_preset=\u00a0\u00bbdefault\u00a0\u00bb background_color=\u00a0\u00bb#a4326b\u00a0\u00bb global_colors_info=\u00a0\u00bb{}\u00a0\u00bb theme_builder_area=\u00a0\u00bbpost_content\u00a0\u00bb][et_pb_column type=\u00a0\u00bb4_4&Prime; _builder_version=\u00a0\u00bb4.16&Prime; _module_preset=\u00a0\u00bbdefault\u00a0\u00bb global_colors_info=\u00a0\u00bb{}\u00a0\u00bb theme_builder_area=\u00a0\u00bbpost_content\u00a0\u00bb][et_pb_text _builder_version=\u00a0\u00bb4.20.2&Prime; _module_preset=\u00a0\u00bbdefault\u00a0\u00bb header_font=\u00a0\u00bb|||on|||||\u00a0\u00bb header_text_align=\u00a0\u00bbcenter\u00a0\u00bb header_text_color=\u00a0\u00bb#ffffff\u00a0\u00bb header_2_text_align=\u00a0\u00bbcenter\u00a0\u00bb header_2_text_color=\u00a0\u00bb#FFFFFF\u00a0\u00bb header_2_font_size=\u00a0\u00bb24px\u00a0\u00bb hover_enabled=\u00a0\u00bb0&Prime; global_colors_info=\u00a0\u00bb{}\u00a0\u00bb theme_builder_area=\u00a0\u00bbpost_content\u00a0\u00bb sticky_enabled=\u00a0\u00bb0&Prime;]<\/p>\n<div class=\"page\" title=\"Page 1\">\n<div class=\"section\">\n<div class=\"layoutArea\">\n<div class=\"column\">\n<h2><b>APPRENTI(E) RH \u2013 SANTE SECURITE AU TRAVAIL (SST) \u2013 GROUPE CAILLE<\/b><\/h2>\n<\/div>\n<\/div>\n<\/div>\n<\/div>\n<p>[\/et_pb_text][\/et_pb_column][\/et_pb_row][et_pb_row _builder_version=\u00a0\u00bb4.16&Prime; _module_preset=\u00a0\u00bbdefault\u00a0\u00bb global_colors_info=\u00a0\u00bb{}\u00a0\u00bb theme_builder_area=\u00a0\u00bbpost_content\u00a0\u00bb][et_pb_column type=\u00a0\u00bb4_4&Prime; _builder_version=\u00a0\u00bb4.16&Prime; _module_preset=\u00a0\u00bbdefault\u00a0\u00bb global_colors_info=\u00a0\u00bb{}\u00a0\u00bb theme_builder_area=\u00a0\u00bbpost_content\u00a0\u00bb][et_pb_text _builder_version=\u00a0\u00bb4.20.2&Prime; _module_preset=\u00a0\u00bbdefault\u00a0\u00bb min_height=\u00a0\u00bb509.8px\u00a0\u00bb hover_enabled=\u00a0\u00bb0&Prime; global_colors_info=\u00a0\u00bb{}\u00a0\u00bb theme_builder_area=\u00a0\u00bbpost_content\u00a0\u00bb sticky_enabled=\u00a0\u00bb0&Prime;]<\/p>\n<p style=\"font-weight: 400;\">REJOIGNEZ UN GROUPE LEADER<br \/>A LA REUNION<br \/>Groupe Caill\u00e9 recrute pour sa Holding !<\/p>\n<p style=\"font-weight: 400;\"><strong>Vos missions<\/strong><\/p>\n<p style=\"font-weight: 400;\">Aux c\u00f4t\u00e9s du service RH, vous contribuerez \u00e0 la mise en \u0153uvre de notre politique SST :<\/p>\n<ul style=\"font-weight: 400;\">\n<li>Suivre et la mettre \u00e0 jour le Document Unique d\u2019\u00c9valuation des Risques Professionnels (DUERP)<\/li>\n<li>Effectuer la gestion administrative et organisationnelle des formations obligatoires (s\u00e9curit\u00e9, habilitations, gestes et postures\u2026)<\/li>\n<li>Effectuer le suivi et la d\u00e9claration des accidents du travail et des maladies professionnelles<\/li>\n<li>Participer \u00e0 la sensibilisation des \u00e9quipes aux enjeux de sant\u00e9 et s\u00e9curit\u00e9<\/li>\n<li>\u00catre un appui aux d\u00e9marches de pr\u00e9vention et am\u00e9lioration des conditions de travail<\/li>\n<ul>\n<li>Effectuer la gestion administrative des v\u00e9rifications obligatoires p\u00e9riodiques\u00a0<\/li>\n<li>Participer \u00e0 la mise en \u0153uvre de la politique handicap<\/li>\n<li>R\u00e9aliser des supports de sensibilisation<\/li>\n<li>Animer des ateliers de sensibilisation aupr\u00e8s des \u00e9quipes terrain<\/li>\n<li>Effectuer le suivi des documents obligatoires (plan de pr\u00e9vention et protocole de chargement\/d\u00e9chargement)<\/li>\n<\/ul>\n<\/ul>\n<p style=\"font-weight: 400;\"><strong>Profil recherch\u00e9<\/strong><\/p>\n<ul style=\"font-weight: 400;\">\n<li>Vous pr\u00e9parez une formation en RH,<\/li>\n<li>Vous \u00eates rigoureux(se), organis\u00e9(e) et \u00e0 l\u2019aise avec les outils bureautiques<\/li>\n<li>Vous avez un bon relationnel et aimez travailler en \u00e9quipe<\/li>\n<li>Une premi\u00e8re approche du droit du travail ou de la r\u00e9glementation SST est un atout<\/li>\n<\/ul>\n<p style=\"font-weight: 400;\"><strong>Pourquoi nous rejoindre ?<\/strong><\/p>\n<ul style=\"font-weight: 400;\">\n<li>Un poste formateur au c\u0153ur des enjeux RH actuels<\/li>\n<li>Une \u00e9quipe bienveillante et exp\u00e9riment\u00e9e pour vous accompagner<\/li>\n<li>Une entreprise qui valorise l\u2019apprentissage et la mont\u00e9e en comp\u00e9tences<\/li>\n<\/ul>\n<p style=\"font-weight: 400;\">\n<p style=\"font-weight: 400;\"><strong>Pr\u00eat(e) \u00e0 d\u00e9couvrir les coulisses des ressources humaines et \u00e0 relever des d\u00e9fis du quotidien ?<br \/>Envoyez-nous votre candidature et rejoignez l\u2019aventure Groupe Caill\u00e9 !<\/strong><\/p>\n<p style=\"font-weight: 400;\">Le Groupe Caill\u00e9 est un employeur garantissant l&rsquo;\u00e9galit\u00e9 des chances et valorisant la diversit\u00e9 au sein de ses \u00e9quipes.<\/p>\n<p style=\"font-weight: 400;\">\n<p style=\"font-weight: 400;\">Adresse de recrutement\u00a0: <a href=\"mailto:job-ref-rwj7f5oge7@emploi.beetween.com\">job-ref-rwj7f5oge7@emploi.beetween.com<\/a><\/p>\n<p>[\/et_pb_text][\/et_pb_column][\/et_pb_row][et_pb_row _builder_version=\u00a0\u00bb4.16&Prime; _module_preset=\u00a0\u00bbdefault\u00a0\u00bb global_colors_info=\u00a0\u00bb{}\u00a0\u00bb theme_builder_area=\u00a0\u00bbpost_content\u00a0\u00bb][et_pb_column type=\u00a0\u00bb4_4&Prime; _builder_version=\u00a0\u00bb4.16&Prime; _module_preset=\u00a0\u00bbdefault\u00a0\u00bb global_colors_info=\u00a0\u00bb{}\u00a0\u00bb theme_builder_area=\u00a0\u00bbpost_content\u00a0\u00bb][et_pb_button button_url=\u00a0\u00bb@ET-DC@eyJkeW5hbWljIjp0cnVlLCJjb250ZW50IjoicG9zdF9saW5rX3VybF9wYWdlIiwic2V0dGluZ3MiOnsicG9zdF9pZCI6IjExMTkifX0=@\u00a0\u00bb button_text=\u00a0\u00bbRETOUR AUX OFFRES\u00a0\u00bb _builder_version=\u00a0\u00bb4.16&Prime; _dynamic_attributes=\u00a0\u00bbbutton_url\u00a0\u00bb _module_preset=\u00a0\u00bbdefault\u00a0\u00bb custom_button=\u00a0\u00bbon\u00a0\u00bb button_text_color=\u00a0\u00bb#ffffff\u00a0\u00bb button_bg_color=\u00a0\u00bb#a4326b\u00a0\u00bb button_border_width=\u00a0\u00bb0px\u00a0\u00bb button_icon=\u00a0\u00bb&#x34;||divi||400&Prime; button_icon_placement=\u00a0\u00bbleft\u00a0\u00bb global_colors_info=\u00a0\u00bb{}\u00a0\u00bb theme_builder_area=\u00a0\u00bbpost_content\u00a0\u00bb][\/et_pb_button][\/et_pb_column][\/et_pb_row][\/et_pb_section]<\/p>\n","protected":false},"excerpt":{"rendered":"<p>APPRENTI(E) RH \u2013 SANTE SECURITE AU TRAVAIL (SST) \u2013 GROUPE CAILLE REJOIGNEZ UN GROUPE LEADERA LA REUNIONGroupe Caill\u00e9 recrute pour sa Holding ! Vos missions Aux c\u00f4t\u00e9s du service RH, vous contribuerez \u00e0 la mise en \u0153uvre de notre politique SST : Suivre et la mettre \u00e0 jour le Document Unique d\u2019\u00c9valuation des Risques Professionnels [&hellip;]<\/p>\n","protected":false},"author":21,"featured_media":0,"parent":0,"menu_order":0,"comment_status":"closed","ping_status":"closed","template":"","meta":{"_et_pb_use_builder":"on","_et_pb_old_content":"","_et_gb_content_width":""},"_links":{"self":[{"href":"https:\/\/groupecaille.com\/index.php\/wp-json\/wp\/v2\/pages\/8648"}],"collection":[{"href":"https:\/\/groupecaille.com\/index.php\/wp-json\/wp\/v2\/pages"}],"about":[{"href":"https:\/\/groupecaille.com\/index.php\/wp-json\/wp\/v2\/types\/page"}],"author":[{"embeddable":true,"href":"https:\/\/groupecaille.com\/index.php\/wp-json\/wp\/v2\/users\/21"}],"replies":[{"embeddable":true,"href":"https:\/\/groupecaille.com\/index.php\/wp-json\/wp\/v2\/comments?post=8648"}],"version-history":[{"count":2,"href":"https:\/\/groupecaille.com\/index.php\/wp-json\/wp\/v2\/pages\/8648\/revisions"}],"predecessor-version":[{"id":8650,"href":"https:\/\/groupecaille.com\/index.php\/wp-json\/wp\/v2\/pages\/8648\/revisions\/8650"}],"wp:attachment":[{"href":"https:\/\/groupecaille.com\/index.php\/wp-json\/wp\/v2\/media?parent=8648"}],"curies":[{"name":"wp","href":"https:\/\/api.w.org\/{rel}","templated":true}]}}