{"id":8602,"date":"2025-04-28T14:32:04","date_gmt":"2025-04-28T10:32:04","guid":{"rendered":"https:\/\/groupecaille.com\/?page_id=8602"},"modified":"2025-04-28T14:32:11","modified_gmt":"2025-04-28T10:32:11","slug":"28avril-mecanicien-hf-cdd-kolors-automobiles-saint-denis","status":"publish","type":"page","link":"https:\/\/groupecaille.com\/index.php\/28avril-mecanicien-hf-cdd-kolors-automobiles-saint-denis\/","title":{"rendered":"28Avril-MECANICIEN HF CDD &#8211; KOLORS AUTOMOBILES SAINT-DENIS"},"content":{"rendered":"[et_pb_section fb_built=\u00a0\u00bb1&Prime; _builder_version=\u00a0\u00bb4.16&Prime; _module_preset=\u00a0\u00bbdefault\u00a0\u00bb min_height=\u00a0\u00bb947.4px\u00a0\u00bb da_disable_devices=\u00a0\u00bboff|off|off\u00a0\u00bb global_colors_info=\u00a0\u00bb{}\u00a0\u00bb theme_builder_area=\u00a0\u00bbpost_content\u00a0\u00bb da_is_popup=\u00a0\u00bboff\u00a0\u00bb da_exit_intent=\u00a0\u00bboff\u00a0\u00bb da_has_close=\u00a0\u00bbon\u00a0\u00bb da_alt_close=\u00a0\u00bboff\u00a0\u00bb da_dark_close=\u00a0\u00bboff\u00a0\u00bb da_not_modal=\u00a0\u00bbon\u00a0\u00bb da_is_singular=\u00a0\u00bboff\u00a0\u00bb da_with_loader=\u00a0\u00bboff\u00a0\u00bb da_has_shadow=\u00a0\u00bbon\u00a0\u00bb][et_pb_row _builder_version=\u00a0\u00bb4.16&Prime; _module_preset=\u00a0\u00bbdefault\u00a0\u00bb background_color=\u00a0\u00bb#a4326b\u00a0\u00bb global_colors_info=\u00a0\u00bb{}\u00a0\u00bb theme_builder_area=\u00a0\u00bbpost_content\u00a0\u00bb][et_pb_column type=\u00a0\u00bb4_4&Prime; _builder_version=\u00a0\u00bb4.16&Prime; _module_preset=\u00a0\u00bbdefault\u00a0\u00bb global_colors_info=\u00a0\u00bb{}\u00a0\u00bb theme_builder_area=\u00a0\u00bbpost_content\u00a0\u00bb][et_pb_text _builder_version=\u00a0\u00bb4.20.2&Prime; _module_preset=\u00a0\u00bbdefault\u00a0\u00bb header_font=\u00a0\u00bb|||on|||||\u00a0\u00bb header_text_align=\u00a0\u00bbcenter\u00a0\u00bb header_text_color=\u00a0\u00bb#ffffff\u00a0\u00bb header_2_text_align=\u00a0\u00bbcenter\u00a0\u00bb header_2_text_color=\u00a0\u00bb#FFFFFF\u00a0\u00bb header_2_font_size=\u00a0\u00bb24px\u00a0\u00bb hover_enabled=\u00a0\u00bb0&Prime; global_colors_info=\u00a0\u00bb{}\u00a0\u00bb theme_builder_area=\u00a0\u00bbpost_content\u00a0\u00bb sticky_enabled=\u00a0\u00bb0&Prime;]<div class=\"page\" title=\"Page 1\">\n<div class=\"section\">\n<div class=\"layoutArea\">\n<div class=\"column\">\n<h2><b>MECANICIEN H\/F CDD\u00a0<\/b><\/h2>\n<h2>KOLORS AUTOMOBILES SAINT-DENIS<\/h2>\n<\/div>\n<\/div>\n<\/div>\n<\/div>[\/et_pb_text][\/et_pb_column][\/et_pb_row][et_pb_row _builder_version=\u00a0\u00bb4.16&Prime; _module_preset=\u00a0\u00bbdefault\u00a0\u00bb global_colors_info=\u00a0\u00bb{}\u00a0\u00bb theme_builder_area=\u00a0\u00bbpost_content\u00a0\u00bb][et_pb_column type=\u00a0\u00bb4_4&Prime; _builder_version=\u00a0\u00bb4.16&Prime; _module_preset=\u00a0\u00bbdefault\u00a0\u00bb global_colors_info=\u00a0\u00bb{}\u00a0\u00bb theme_builder_area=\u00a0\u00bbpost_content\u00a0\u00bb][et_pb_text _builder_version=\u00a0\u00bb4.20.2&Prime; _module_preset=\u00a0\u00bbdefault\u00a0\u00bb min_height=\u00a0\u00bb509.8px\u00a0\u00bb hover_enabled=\u00a0\u00bb0&Prime; global_colors_info=\u00a0\u00bb{}\u00a0\u00bb theme_builder_area=\u00a0\u00bbpost_content\u00a0\u00bb sticky_enabled=\u00a0\u00bb0&Prime;]<p style=\"font-weight: 400;\"><\/p>\n<div class=\"elementToProof\">\n<div class=\"elementToProof\">\n<div class=\"elementToProof\">\n<div class=\"elementToProof\">\n<div class=\"elementToProof\">\n<div class=\"elementToProof\">\n<div class=\"elementToProof\">\n<div class=\"elementToProof\">\n<div class=\"elementToProof\">\n<div class=\"elementToProof\">\n<div class=\"elementToProof\">\n<div class=\"elementToProof\">\n<div class=\"elementToProof\">\n<div class=\"elementToProof\">\n<div class=\"elementToProof\">\n<div class=\"elementToProof\">\n<div class=\"elementToProof\">\n<div class=\"elementToProof\">\n<div class=\"elementToProof\">\n<div class=\"elementToProof\">\n<div class=\"elementToProof\">\n<div class=\"elementToProof\"><b>Vos missions:<\/b><\/div>\n<div class=\"elementToProof\">Le\/la m\u00e9canicien(ne) automobile est charg\u00e9(e) de r\u00e9aliser l&rsquo;ensemble des interventions de maintenance pr\u00e9ventive et corrective des v\u00e9hicules, incluant un diagnostic de 1er niveau de complexit\u00e9<\/div>\n<div class=\"elementToProof\"><u>Activit\u00e9s techniques<\/u>\u00a0<\/div>\n<div class=\"elementToProof\">R\u00e9alisation de l&rsquo;ensemble des interventions de maintenance pr\u00e9ventive et corrective des v\u00e9hicules int\u00e9grant \u00e9ventuellement des interventions r\u00e9glement\u00e9es :<br \/>. Entretien courant et p\u00e9riodique des v\u00e9hicules<\/div>\n<div class=\"elementToProof\">. Diagnostic \/ d\u00e9pose-pose \/ contr\u00f4le et r\u00e9glage d&rsquo;ensembles m\u00e9caniques R\u00e9alisation d&rsquo;interventions incluant un diagnostic de premier niveau de complexit\u00e9 portant sur :<br \/>. Le contr\u00f4le \/ r\u00e9glage des moteurs thermiques<br \/>. Les \u00e9l\u00e9ments de liaison au sol \u00a0Pose d&rsquo;accessoires sur v\u00e9hicules.<\/div>\n<div class=\"elementToProof\"><u>Organisation et gestion de la maintenance<\/u>\u00a0<\/div>\n<div class=\"elementToProof\">Utilisation de la documentation technique<br \/>Agencement et entretien du poste de travail \/de l&rsquo;outillage<br \/>Application des proc\u00e9dures qualit\u00e9 en vigueur dans l&rsquo;entreprise<br \/>\u00c9tablissement de tout document d&rsquo;atelier utile<br \/>Conseils techniques et d&rsquo;utilisation aupr\u00e8s de la client\u00e8le<\/div>\n<div class=\"elementToProof\"><\/div>\n<div class=\"elementToProof\"><\/div>\n<div class=\"elementToProof\"><b>Le profil que nous recherchons:<\/b><\/div>\n<ul data-editing-info=\"{&quot;applyListStyleFromLevel&quot;:true}\">\n<li>\n<p class=\"elementToProof\">Dipl\u00f4mes requis \u00a0d&rsquo;un CAP ou BAC PRO en Maintenance Automobile avec une mention compl\u00e9mentaire \u00e9lectricit\u00e9 &#8211; \u00e9lectronique et\/ou d&rsquo;un BTS M\u00e9canique Apr\u00e8s-Vente<\/p>\n<\/li>\n<li>\n<p class=\"elementToProof\">Dur\u00e9e d\u2019exp\u00e9rience: 2 ans d&rsquo;exp\u00e9rience<\/p>\n<\/li>\n<li>\n<p class=\"elementToProof\">Passionn\u00e9(e) d&rsquo;automobile. Dou\u00e9(e ) pour l&rsquo;observation, l&rsquo;analyse et la r\u00e9flexion. Habile et minutieux dans vos gestes. Rigoureux et m\u00e9thodique dans vos interventions. Gestion du temps<\/p>\n<div>\n<div class=\"elementToProof\"><\/div>\n<\/div>\n<\/li>\n<\/ul>\n<div class=\"elementToProof\"><b>Le Groupe Caill\u00e9 est un employeur garantissant l\u2019\u00e9galit\u00e9 des chances et valorisant la diversit\u00e9 au sein de ses \u00e9quipes.<\/b><\/div>\n<\/div>\n<\/div>\n<\/div>\n<\/div>\n<\/div>\n<\/div>\n<\/div>\n<\/div>\n<\/div>\n<\/div>\n<\/div>\n<\/div>\n<\/div>\n<\/div>\n<\/div>\n<\/div>\n<\/div>\n<\/div>\n<\/div>\n<\/div>\n<\/div>\n<p style=\"font-weight: 400;\"><\/p>[\/et_pb_text][\/et_pb_column][\/et_pb_row][et_pb_row _builder_version=\u00a0\u00bb4.16&Prime; _module_preset=\u00a0\u00bbdefault\u00a0\u00bb global_colors_info=\u00a0\u00bb{}\u00a0\u00bb theme_builder_area=\u00a0\u00bbpost_content\u00a0\u00bb][et_pb_column type=\u00a0\u00bb4_4&Prime; _builder_version=\u00a0\u00bb4.16&Prime; _module_preset=\u00a0\u00bbdefault\u00a0\u00bb global_colors_info=\u00a0\u00bb{}\u00a0\u00bb theme_builder_area=\u00a0\u00bbpost_content\u00a0\u00bb][et_pb_text _builder_version=\u00a0\u00bb4.20.2&Prime; _module_preset=\u00a0\u00bbdefault\u00a0\u00bb text_font_size=\u00a0\u00bb17px\u00a0\u00bb hover_enabled=\u00a0\u00bb0&Prime; global_colors_info=\u00a0\u00bb{}\u00a0\u00bb theme_builder_area=\u00a0\u00bbpost_content\u00a0\u00bb sticky_enabled=\u00a0\u00bb0&Prime;]<div class=\"page\" title=\"Page 1\" style=\"text-align: center;\">\n<div class=\"section\">\n<div class=\"layoutArea\">\n<div class=\"column\">\n<h3 style=\"text-align: center;\">Pour toute candidature, merci d\u2019adresser un CV accompagn\u00e9 d\u2019une lettre de motivation \u00e0 l&rsquo;adresse suivante<\/h3>\n<p><b> <a href=\"mailto:job-ref-re70kki8td@emploi.beetween.com\" id=\"LPlnkOWA27e2a687-2542-521d-1475-6dd28cb747f1\" class=\"OWAAutoLink elementToProof\" data-v-f1243030=\"\">job-ref-re70kki8td@emploi.beetween.com\u00a0<\/a><\/b><\/p>\n<\/div>\n<\/div>\n<\/div>\n<\/div>[\/et_pb_text][\/et_pb_column][\/et_pb_row][et_pb_row _builder_version=\u00a0\u00bb4.16&Prime; _module_preset=\u00a0\u00bbdefault\u00a0\u00bb global_colors_info=\u00a0\u00bb{}\u00a0\u00bb theme_builder_area=\u00a0\u00bbpost_content\u00a0\u00bb][et_pb_column type=\u00a0\u00bb4_4&Prime; _builder_version=\u00a0\u00bb4.16&Prime; _module_preset=\u00a0\u00bbdefault\u00a0\u00bb global_colors_info=\u00a0\u00bb{}\u00a0\u00bb theme_builder_area=\u00a0\u00bbpost_content\u00a0\u00bb][et_pb_button button_url=\u00a0\u00bb@ET-DC@eyJkeW5hbWljIjp0cnVlLCJjb250ZW50IjoicG9zdF9saW5rX3VybF9wYWdlIiwic2V0dGluZ3MiOnsicG9zdF9pZCI6IjExMTkifX0=@\u00a0\u00bb button_text=\u00a0\u00bbRETOUR AUX OFFRES\u00a0\u00bb _builder_version=\u00a0\u00bb4.16&Prime; _dynamic_attributes=\u00a0\u00bbbutton_url\u00a0\u00bb _module_preset=\u00a0\u00bbdefault\u00a0\u00bb custom_button=\u00a0\u00bbon\u00a0\u00bb button_text_color=\u00a0\u00bb#ffffff\u00a0\u00bb button_bg_color=\u00a0\u00bb#a4326b\u00a0\u00bb button_border_width=\u00a0\u00bb0px\u00a0\u00bb button_icon=\u00a0\u00bb&#x34;||divi||400&Prime; button_icon_placement=\u00a0\u00bbleft\u00a0\u00bb global_colors_info=\u00a0\u00bb{}\u00a0\u00bb theme_builder_area=\u00a0\u00bbpost_content\u00a0\u00bb][\/et_pb_button][\/et_pb_column][\/et_pb_row][\/et_pb_section]","protected":false},"excerpt":{"rendered":"<p>MECANICIEN H\/F CDD\u00a0 KOLORS AUTOMOBILES SAINT-DENIS Vos missions: Le\/la m\u00e9canicien(ne) automobile est charg\u00e9(e) de r\u00e9aliser l&rsquo;ensemble des interventions de maintenance pr\u00e9ventive et corrective des v\u00e9hicules, incluant un diagnostic de 1er niveau de complexit\u00e9 Activit\u00e9s techniques\u00a0 R\u00e9alisation de l&rsquo;ensemble des interventions de maintenance pr\u00e9ventive et corrective des v\u00e9hicules int\u00e9grant \u00e9ventuellement des interventions r\u00e9glement\u00e9es :. Entretien courant [&hellip;]<\/p>\n","protected":false},"author":21,"featured_media":0,"parent":0,"menu_order":0,"comment_status":"closed","ping_status":"closed","template":"","meta":{"_et_pb_use_builder":"on","_et_pb_old_content":"","_et_gb_content_width":""},"_links":{"self":[{"href":"https:\/\/groupecaille.com\/index.php\/wp-json\/wp\/v2\/pages\/8602"}],"collection":[{"href":"https:\/\/groupecaille.com\/index.php\/wp-json\/wp\/v2\/pages"}],"about":[{"href":"https:\/\/groupecaille.com\/index.php\/wp-json\/wp\/v2\/types\/page"}],"author":[{"embeddable":true,"href":"https:\/\/groupecaille.com\/index.php\/wp-json\/wp\/v2\/users\/21"}],"replies":[{"embeddable":true,"href":"https:\/\/groupecaille.com\/index.php\/wp-json\/wp\/v2\/comments?post=8602"}],"version-history":[{"count":2,"href":"https:\/\/groupecaille.com\/index.php\/wp-json\/wp\/v2\/pages\/8602\/revisions"}],"predecessor-version":[{"id":8605,"href":"https:\/\/groupecaille.com\/index.php\/wp-json\/wp\/v2\/pages\/8602\/revisions\/8605"}],"wp:attachment":[{"href":"https:\/\/groupecaille.com\/index.php\/wp-json\/wp\/v2\/media?parent=8602"}],"curies":[{"name":"wp","href":"https:\/\/api.w.org\/{rel}","templated":true}]}}