{"id":8573,"date":"2025-04-09T08:41:35","date_gmt":"2025-04-09T04:41:35","guid":{"rendered":"https:\/\/groupecaille.com\/?page_id=8573"},"modified":"2025-04-09T08:43:57","modified_gmt":"2025-04-09T04:43:57","slug":"09-avril-possession-adjoint-directeur-de-magasin-hf-leader-price-la-possession","status":"publish","type":"page","link":"https:\/\/groupecaille.com\/index.php\/09-avril-possession-adjoint-directeur-de-magasin-hf-leader-price-la-possession\/","title":{"rendered":"09-Avril-Possession-ADJOINT DIRECTEUR DE MAGASIN HF &#8211; LEADER PRICE LA POSSESSION\u00a0"},"content":{"rendered":"[et_pb_section fb_built=\u00a0\u00bb1&Prime; _builder_version=\u00a0\u00bb4.16&Prime; _module_preset=\u00a0\u00bbdefault\u00a0\u00bb min_height=\u00a0\u00bb947.4px\u00a0\u00bb da_disable_devices=\u00a0\u00bboff|off|off\u00a0\u00bb global_colors_info=\u00a0\u00bb{}\u00a0\u00bb theme_builder_area=\u00a0\u00bbpost_content\u00a0\u00bb da_is_popup=\u00a0\u00bboff\u00a0\u00bb da_exit_intent=\u00a0\u00bboff\u00a0\u00bb da_has_close=\u00a0\u00bbon\u00a0\u00bb da_alt_close=\u00a0\u00bboff\u00a0\u00bb da_dark_close=\u00a0\u00bboff\u00a0\u00bb da_not_modal=\u00a0\u00bbon\u00a0\u00bb da_is_singular=\u00a0\u00bboff\u00a0\u00bb da_with_loader=\u00a0\u00bboff\u00a0\u00bb da_has_shadow=\u00a0\u00bbon\u00a0\u00bb][et_pb_row _builder_version=\u00a0\u00bb4.16&Prime; _module_preset=\u00a0\u00bbdefault\u00a0\u00bb background_color=\u00a0\u00bb#a4326b\u00a0\u00bb global_colors_info=\u00a0\u00bb{}\u00a0\u00bb theme_builder_area=\u00a0\u00bbpost_content\u00a0\u00bb][et_pb_column type=\u00a0\u00bb4_4&Prime; _builder_version=\u00a0\u00bb4.16&Prime; _module_preset=\u00a0\u00bbdefault\u00a0\u00bb global_colors_info=\u00a0\u00bb{}\u00a0\u00bb theme_builder_area=\u00a0\u00bbpost_content\u00a0\u00bb][et_pb_text _builder_version=\u00a0\u00bb4.20.2&Prime; _module_preset=\u00a0\u00bbdefault\u00a0\u00bb header_font=\u00a0\u00bb|||on|||||\u00a0\u00bb header_text_align=\u00a0\u00bbcenter\u00a0\u00bb header_text_color=\u00a0\u00bb#ffffff\u00a0\u00bb header_2_text_align=\u00a0\u00bbcenter\u00a0\u00bb header_2_text_color=\u00a0\u00bb#FFFFFF\u00a0\u00bb header_2_font_size=\u00a0\u00bb24px\u00a0\u00bb hover_enabled=\u00a0\u00bb0&Prime; global_colors_info=\u00a0\u00bb{}\u00a0\u00bb theme_builder_area=\u00a0\u00bbpost_content\u00a0\u00bb sticky_enabled=\u00a0\u00bb0&Prime;]<div class=\"page\" title=\"Page 1\">\n<div class=\"section\">\n<div class=\"layoutArea\">\n<div class=\"column\">\n<h2><b>ADJOINT DIRECTEUR DE MAGASIN H\/F\u00a0<\/b><\/h2>\n<h2><b> <\/b>LEADER PRICE LA POSSESSION\u00a0<\/h2>\n<\/div>\n<\/div>\n<\/div>\n<\/div>[\/et_pb_text][\/et_pb_column][\/et_pb_row][et_pb_row _builder_version=\u00a0\u00bb4.16&Prime; _module_preset=\u00a0\u00bbdefault\u00a0\u00bb global_colors_info=\u00a0\u00bb{}\u00a0\u00bb theme_builder_area=\u00a0\u00bbpost_content\u00a0\u00bb][et_pb_column type=\u00a0\u00bb4_4&Prime; _builder_version=\u00a0\u00bb4.16&Prime; _module_preset=\u00a0\u00bbdefault\u00a0\u00bb global_colors_info=\u00a0\u00bb{}\u00a0\u00bb theme_builder_area=\u00a0\u00bbpost_content\u00a0\u00bb][et_pb_text _builder_version=\u00a0\u00bb4.20.2&Prime; _module_preset=\u00a0\u00bbdefault\u00a0\u00bb min_height=\u00a0\u00bb509.8px\u00a0\u00bb hover_enabled=\u00a0\u00bb0&Prime; global_colors_info=\u00a0\u00bb{}\u00a0\u00bb theme_builder_area=\u00a0\u00bbpost_content\u00a0\u00bb sticky_enabled=\u00a0\u00bb0&Prime;]<p style=\"font-weight: 400;\"><\/p>\n<div class=\"elementToProof\">\n<div class=\"elementToProof\">\n<div class=\"elementToProof\">\n<div class=\"elementToProof\">\n<div class=\"elementToProof\">\n<div class=\"elementToProof\">\n<div class=\"elementToProof\">\n<div class=\"elementToProof\">\n<div class=\"elementToProof\">\n<div class=\"elementToProof\">\n<div class=\"elementToProof\">\n<div class=\"elementToProof\">\n<div class=\"elementToProof\">\n<div class=\"elementToProof\">\n<div class=\"elementToProof\">\n<div class=\"elementToProof\">\n<div class=\"elementToProof\">\n<div class=\"elementToProof\">\n<div class=\"elementToProof\">Nous recherchons un <span>Adjoint au Directeur de Magasin H\/F <\/span>pour notre magasin de La Possession !<\/div>\n<div class=\"elementToProof\">Vous \u00eates passionn\u00e9(e) par le commerce, le management et les d\u00e9fis quotidiens ?<\/div>\n<div class=\"elementToProof\">Vous souhaitez int\u00e9grer une enseigne reconnue o\u00f9 l\u2019humain est au c\u0153ur de la performance ? Alors cette opportunit\u00e9 est faite pour vous !<\/div>\n<div class=\"elementToProof\">Aux c\u00f4t\u00e9s du Directeur, vous \u00eates le v\u00e9ritable <span>chef d\u2019orchestre du point de vente<\/span>, garant(e) de sa performance commerciale et du bon fonctionnement des \u00e9quipes.<\/div>\n<div class=\"elementToProof\">Vos responsabilit\u00e9s s\u2019articulent autour de trois grands axes :<\/div>\n<div class=\"elementToProof\">\ud83e\uddd1\u200d\ud83e\udd1d\u200d\ud83e\uddd1 <span>Management et animation d\u2019\u00e9quipe<\/span><\/div>\n<ul>\n<li>\n<div>Vous encadrez, organisez et accompagnez votre \u00e9quipe au quotidien, en assurant un suivi r\u00e9gulier de leurs missions et de leurs objectifs.<\/div>\n<\/li>\n<li>\n<div>Vous participez activement \u00e0 l\u2019int\u00e9gration des nouveaux collaborateurs et \u00e0 la dynamique collective.<\/div>\n<\/li>\n<li>\n<div>Vous veillez au respect des r\u00e8gles internes et jouez un r\u00f4le de relais dans la communication entre la Direction et les \u00e9quipes.<\/div>\n<\/li>\n<\/ul>\n<div class=\"elementToProof\">\ud83d\udecd\ufe0f <span>Exploitation et gestion du magasin<\/span><\/div>\n<ul>\n<li>\n<div>Vous \u00eates polyvalent(e) : encaissement, r\u00e9assort, gestion des stocks, r\u00e9ception de marchandises, mise en rayon, entretien\u2026<\/div>\n<\/li>\n<li>\n<div>Vous analysez les indicateurs de performance et proposez des actions correctives pour optimiser l\u2019activit\u00e9.<\/div>\n<\/li>\n<li>\n<div>Vous assurez la rigueur des flux financiers et administratifs.<\/div>\n<\/li>\n<\/ul>\n<div class=\"elementToProof\">\ud83d\udcc8 <span>D\u00e9veloppement commercial<\/span><\/div>\n<ul>\n<li>\n<div>Vous contribuez activement \u00e0 l\u2019animation commerciale du point de vente, en valorisant les produits et en garantissant une exp\u00e9rience client irr\u00e9prochable.<\/div>\n<\/li>\n<li>\n<div>V\u00e9ritable bras droit du Directeur, vous le secondez au quotidien et prenez le relais en son absence.<\/div>\n<\/li>\n<\/ul>\n<div class=\"elementToProof\"><b>\u00a0<\/b><\/div>\n<div class=\"elementToProof\"><span>Le profil que nous recherchons :<\/span><\/div>\n<ul>\n<li>\n<div>Issu(e) d\u2019une formation sup\u00e9rieure (type BTS MUC ou \u00e9cole de commerce), vous justifiez d\u2019une <span>exp\u00e9rience r\u00e9ussie en grande distribution<\/span>.<\/div>\n<\/li>\n<li>\n<div>Vous avez une excellente connaissance des produits, des techniques de merchandising et du fonctionnement d\u2019un point de vente.<\/div>\n<\/li>\n<li>\n<div><span>Manager dans l\u2019\u00e2me<\/span>, vous savez f\u00e9d\u00e9rer, guider et challenger votre \u00e9quipe.<\/div>\n<\/li>\n<li>\n<div>Dot\u00e9(e) d\u2019un bon sens de l\u2019analyse, vous \u00eates r\u00e9actif(ve), rigoureux(se) et force de proposition.<\/div>\n<\/li>\n<li>\n<div>Vous aimez le terrain, le rythme, les challenges et la relation client.<\/div>\n<\/li>\n<li>\n<div class=\"elementToProof\"><p>Vous avez une bonne r\u00e9sistance au stress et savez faire preuve d\u2019anticipation.<\/p>\n<\/div>\n<\/li>\n<\/ul>\n<div class=\"elementToProof\">Le Groupe Caill\u00e9 est un employeur garantissant l\u2019\u00e9galit\u00e9 des chances et valorisant la diversit\u00e9 au sein de ses \u00e9quipes.<\/div>\n<\/div>\n<\/div>\n<\/div>\n<\/div>\n<\/div>\n<\/div>\n<\/div>\n<\/div>\n<\/div>\n<\/div>\n<\/div>\n<\/div>\n<\/div>\n<\/div>\n<\/div>\n<\/div>\n<\/div>\n<\/div>\n<p style=\"font-weight: 400;\"><\/p>[\/et_pb_text][\/et_pb_column][\/et_pb_row][et_pb_row _builder_version=\u00a0\u00bb4.16&Prime; _module_preset=\u00a0\u00bbdefault\u00a0\u00bb global_colors_info=\u00a0\u00bb{}\u00a0\u00bb theme_builder_area=\u00a0\u00bbpost_content\u00a0\u00bb][et_pb_column type=\u00a0\u00bb4_4&Prime; _builder_version=\u00a0\u00bb4.16&Prime; _module_preset=\u00a0\u00bbdefault\u00a0\u00bb global_colors_info=\u00a0\u00bb{}\u00a0\u00bb theme_builder_area=\u00a0\u00bbpost_content\u00a0\u00bb][et_pb_text _builder_version=\u00a0\u00bb4.20.2&Prime; _module_preset=\u00a0\u00bbdefault\u00a0\u00bb text_font_size=\u00a0\u00bb17px\u00a0\u00bb hover_enabled=\u00a0\u00bb0&Prime; global_colors_info=\u00a0\u00bb{}\u00a0\u00bb theme_builder_area=\u00a0\u00bbpost_content\u00a0\u00bb sticky_enabled=\u00a0\u00bb0&Prime;]<div class=\"page\" title=\"Page 1\" style=\"text-align: center;\">\n<div class=\"section\">\n<div class=\"layoutArea\">\n<div class=\"column\">\n<h3 style=\"text-align: center;\">Pour toute candidature, merci d\u2019adresser un CV accompagn\u00e9 d\u2019une lettre de motivation \u00e0 l&rsquo;adresse suivante<\/h3>\n<p><span> <\/span><a href=\"mailto:job-ref-iw6eao2241@emploi.beetween.com\">job-ref-iw6eao2241@emploi.beetween.com<\/a><\/p>\n<\/div>\n<\/div>\n<\/div>\n<\/div>[\/et_pb_text][\/et_pb_column][\/et_pb_row][et_pb_row _builder_version=\u00a0\u00bb4.16&Prime; _module_preset=\u00a0\u00bbdefault\u00a0\u00bb global_colors_info=\u00a0\u00bb{}\u00a0\u00bb theme_builder_area=\u00a0\u00bbpost_content\u00a0\u00bb][et_pb_column type=\u00a0\u00bb4_4&Prime; _builder_version=\u00a0\u00bb4.16&Prime; _module_preset=\u00a0\u00bbdefault\u00a0\u00bb global_colors_info=\u00a0\u00bb{}\u00a0\u00bb theme_builder_area=\u00a0\u00bbpost_content\u00a0\u00bb][et_pb_button button_url=\u00a0\u00bb@ET-DC@eyJkeW5hbWljIjp0cnVlLCJjb250ZW50IjoicG9zdF9saW5rX3VybF9wYWdlIiwic2V0dGluZ3MiOnsicG9zdF9pZCI6IjExMTkifX0=@\u00a0\u00bb button_text=\u00a0\u00bbRETOUR AUX OFFRES\u00a0\u00bb _builder_version=\u00a0\u00bb4.16&Prime; _dynamic_attributes=\u00a0\u00bbbutton_url\u00a0\u00bb _module_preset=\u00a0\u00bbdefault\u00a0\u00bb custom_button=\u00a0\u00bbon\u00a0\u00bb button_text_color=\u00a0\u00bb#ffffff\u00a0\u00bb button_bg_color=\u00a0\u00bb#a4326b\u00a0\u00bb button_border_width=\u00a0\u00bb0px\u00a0\u00bb button_icon=\u00a0\u00bb&#x34;||divi||400&Prime; button_icon_placement=\u00a0\u00bbleft\u00a0\u00bb global_colors_info=\u00a0\u00bb{}\u00a0\u00bb theme_builder_area=\u00a0\u00bbpost_content\u00a0\u00bb][\/et_pb_button][\/et_pb_column][\/et_pb_row][\/et_pb_section]","protected":false},"excerpt":{"rendered":"<p>ADJOINT DIRECTEUR DE MAGASIN H\/F\u00a0 LEADER PRICE LA POSSESSION\u00a0 Nous recherchons un Adjoint au Directeur de Magasin H\/F pour notre magasin de La Possession ! Vous \u00eates passionn\u00e9(e) par le commerce, le management et les d\u00e9fis quotidiens ? Vous souhaitez int\u00e9grer une enseigne reconnue o\u00f9 l\u2019humain est au c\u0153ur de la performance ? Alors cette [&hellip;]<\/p>\n","protected":false},"author":21,"featured_media":0,"parent":0,"menu_order":0,"comment_status":"closed","ping_status":"closed","template":"","meta":{"_et_pb_use_builder":"on","_et_pb_old_content":"","_et_gb_content_width":""},"_links":{"self":[{"href":"https:\/\/groupecaille.com\/index.php\/wp-json\/wp\/v2\/pages\/8573"}],"collection":[{"href":"https:\/\/groupecaille.com\/index.php\/wp-json\/wp\/v2\/pages"}],"about":[{"href":"https:\/\/groupecaille.com\/index.php\/wp-json\/wp\/v2\/types\/page"}],"author":[{"embeddable":true,"href":"https:\/\/groupecaille.com\/index.php\/wp-json\/wp\/v2\/users\/21"}],"replies":[{"embeddable":true,"href":"https:\/\/groupecaille.com\/index.php\/wp-json\/wp\/v2\/comments?post=8573"}],"version-history":[{"count":2,"href":"https:\/\/groupecaille.com\/index.php\/wp-json\/wp\/v2\/pages\/8573\/revisions"}],"predecessor-version":[{"id":8576,"href":"https:\/\/groupecaille.com\/index.php\/wp-json\/wp\/v2\/pages\/8573\/revisions\/8576"}],"wp:attachment":[{"href":"https:\/\/groupecaille.com\/index.php\/wp-json\/wp\/v2\/media?parent=8573"}],"curies":[{"name":"wp","href":"https:\/\/api.w.org\/{rel}","templated":true}]}}