{"id":8330,"date":"2024-10-28T14:59:45","date_gmt":"2024-10-28T10:59:45","guid":{"rendered":"https:\/\/groupecaille.com\/?page_id=8330"},"modified":"2024-10-28T14:59:45","modified_gmt":"2024-10-28T10:59:45","slug":"apprenti-assistant-ressources-humaines-caille-grande-distribution","status":"publish","type":"page","link":"https:\/\/groupecaille.com\/index.php\/apprenti-assistant-ressources-humaines-caille-grande-distribution\/","title":{"rendered":"APPRENTI ASSISTANT RESSOURCES HUMAINES CAILLE GRANDE DISTRIBUTION"},"content":{"rendered":"[et_pb_section fb_built=\u00a0\u00bb1&Prime; _builder_version=\u00a0\u00bb4.16&Prime; _module_preset=\u00a0\u00bbdefault\u00a0\u00bb da_disable_devices=\u00a0\u00bboff|off|off\u00a0\u00bb global_colors_info=\u00a0\u00bb{}\u00a0\u00bb theme_builder_area=\u00a0\u00bbpost_content\u00a0\u00bb da_is_popup=\u00a0\u00bboff\u00a0\u00bb da_exit_intent=\u00a0\u00bboff\u00a0\u00bb da_has_close=\u00a0\u00bbon\u00a0\u00bb da_alt_close=\u00a0\u00bboff\u00a0\u00bb da_dark_close=\u00a0\u00bboff\u00a0\u00bb da_not_modal=\u00a0\u00bbon\u00a0\u00bb da_is_singular=\u00a0\u00bboff\u00a0\u00bb da_with_loader=\u00a0\u00bboff\u00a0\u00bb da_has_shadow=\u00a0\u00bbon\u00a0\u00bb][et_pb_row _builder_version=\u00a0\u00bb4.16&Prime; _module_preset=\u00a0\u00bbdefault\u00a0\u00bb background_color=\u00a0\u00bb#a4326b\u00a0\u00bb global_colors_info=\u00a0\u00bb{}\u00a0\u00bb theme_builder_area=\u00a0\u00bbpost_content\u00a0\u00bb][et_pb_column type=\u00a0\u00bb4_4&Prime; _builder_version=\u00a0\u00bb4.16&Prime; _module_preset=\u00a0\u00bbdefault\u00a0\u00bb global_colors_info=\u00a0\u00bb{}\u00a0\u00bb theme_builder_area=\u00a0\u00bbpost_content\u00a0\u00bb][et_pb_text _builder_version=\u00a0\u00bb4.20.2&Prime; _module_preset=\u00a0\u00bbdefault\u00a0\u00bb header_font=\u00a0\u00bb|||on|||||\u00a0\u00bb header_text_align=\u00a0\u00bbcenter\u00a0\u00bb header_text_color=\u00a0\u00bb#ffffff\u00a0\u00bb header_2_text_align=\u00a0\u00bbcenter\u00a0\u00bb header_2_text_color=\u00a0\u00bb#FFFFFF\u00a0\u00bb header_2_font_size=\u00a0\u00bb24px\u00a0\u00bb hover_enabled=\u00a0\u00bb0&Prime; global_colors_info=\u00a0\u00bb{}\u00a0\u00bb theme_builder_area=\u00a0\u00bbpost_content\u00a0\u00bb sticky_enabled=\u00a0\u00bb0&Prime;]<div class=\"page\" title=\"Page 1\">\n<div class=\"section\">\n<div class=\"layoutArea\">\n<div class=\"column\">\n<h2>APPRENTI ASSISTANT RESSOURCES HUMAINES H\/F<\/h2>\n<h2><strong> CAILLE GRANDE DISTRIBUTION<\/strong><\/h2>\n<\/div>\n<\/div>\n<\/div>\n<\/div>[\/et_pb_text][\/et_pb_column][\/et_pb_row][et_pb_row _builder_version=\u00a0\u00bb4.16&Prime; _module_preset=\u00a0\u00bbdefault\u00a0\u00bb global_colors_info=\u00a0\u00bb{}\u00a0\u00bb theme_builder_area=\u00a0\u00bbpost_content\u00a0\u00bb][et_pb_column type=\u00a0\u00bb4_4&Prime; _builder_version=\u00a0\u00bb4.16&Prime; _module_preset=\u00a0\u00bbdefault\u00a0\u00bb global_colors_info=\u00a0\u00bb{}\u00a0\u00bb theme_builder_area=\u00a0\u00bbpost_content\u00a0\u00bb][et_pb_text _builder_version=\u00a0\u00bb4.20.2&Prime; _module_preset=\u00a0\u00bbdefault\u00a0\u00bb hover_enabled=\u00a0\u00bb0&Prime; global_colors_info=\u00a0\u00bb{}\u00a0\u00bb theme_builder_area=\u00a0\u00bbpost_content\u00a0\u00bb sticky_enabled=\u00a0\u00bb0&Prime;]<p style=\"font-weight: 400;\"><\/p>\n<p class=\"p1\">Vous souhaitez d\u00e9velopper vos comp\u00e9tences en Ressources Humaines tout en contribuant activement au succ\u00e8s de notre entreprise ?<\/p>\n<p class=\"p1\">Nous recherchons un(e) Assistant(e) Ressources Humaines en Apprentissage pour rejoindre notre \u00e9quipe.<\/p>\n<p class=\"p1\"><b>Vos principales missions :<\/b><\/p>\n<p class=\"p1\">Accompagnement des managers op\u00e9rationnels sur les process RH :<\/p>\n<ul class=\"ul1\">\n<li class=\"li1\"><span class=\"s1\"><\/span>Conseiller et assister les managers dans la gestion quotidienne des Ressources Humaines.<\/li>\n<li class=\"li1\"><span class=\"s1\"><\/span>Veiller \u00e0 la bonne application des process RH au sein des \u00e9quipes.<\/li>\n<\/ul>\n<p class=\"p1\">Recrutement :<\/p>\n<ul class=\"ul1\">\n<li class=\"li1\"><span class=\"s1\"><\/span>R\u00e9daction et diffusion des annonces (internes et externes).<\/li>\n<li class=\"li1\"><span class=\"s1\"><\/span>Gestion administrative des candidatures (r\u00e9ception, transmission, suivi).<\/li>\n<li class=\"li1\"><span class=\"s1\"><\/span>Participation aux entretiens de recrutement des apprentis.<\/li>\n<\/ul>\n<p class=\"p1\">Suivi administratif des collaborateurs :<\/p>\n<ul class=\"ul1\">\n<li class=\"li1\"><span class=\"s1\"><\/span>R\u00e9daction et gestion des contrats de travail.<\/li>\n<li class=\"li1\"><span class=\"s1\"><\/span>Suivi administratif des dossiers collaborateurs (entr\u00e9es et sorties).<\/li>\n<\/ul>\n<p class=\"p1\">Gestion des mails et des dossiers administratifs :<\/p>\n<ul class=\"ul1\">\n<li class=\"li1\"><span class=\"s1\"><\/span>Gestion des absences (arr\u00eats maladie, accidents du travail, etc.).<\/li>\n<li class=\"li1\"><span class=\"s1\"><\/span>Suivi des d\u00e9clarations et des documents obligatoires.<\/li>\n<\/ul>\n<p class=\"p1\">Gestion administrative des NAO (N\u00e9gociations Annuelles Obligatoires) :<\/p>\n<ul class=\"ul1\">\n<li class=\"li1\"><span class=\"s1\"><\/span>Participation au d\u00e9p\u00f4t des accords et \u00e0 la diffusion des informations aupr\u00e8s des parties prenantes.<\/li>\n<\/ul>\n<p class=\"p1\"><b>Profil recherch\u00e9 :<\/b><\/p>\n<ul class=\"ul1\">\n<li class=\"li1\"><span class=\"s1\"><\/span>Formation\u00a0: Vous pr\u00e9parez un dipl\u00f4me en Ressources Humaines (Licence ou Master)<\/li>\n<li class=\"li1\"><span class=\"s1\"><\/span>Comp\u00e9tences\u00a0:<\/li>\n<ul class=\"ul1\">\n<li class=\"li1\"><span class=\"s2\"><\/span>Bonnes capacit\u00e9s de communication et d\u2019\u00e9coute.<\/li>\n<li class=\"li1\"><span class=\"s2\"><\/span>Organisation et rigueur.<\/li>\n<li class=\"li1\"><span class=\"s2\"><\/span>Aisance avec les outils informatiques.<\/li>\n<li class=\"li1\"><span class=\"s2\"><\/span>Capacit\u00e9 \u00e0 travailler en \u00e9quipe et \u00e0 g\u00e9rer plusieurs t\u00e2ches simultan\u00e9ment.<\/li>\n<\/ul>\n<\/ul>\n<p class=\"p2\">Le Groupe Caill\u00e9 est un employeur garantissant l&rsquo;\u00e9galit\u00e9 des chances et valorisant la diversit\u00e9 au sein de ses \u00e9quipes.<\/p>\n<p style=\"font-weight: 400;\"><\/p>[\/et_pb_text][\/et_pb_column][\/et_pb_row][et_pb_row _builder_version=\u00a0\u00bb4.16&Prime; _module_preset=\u00a0\u00bbdefault\u00a0\u00bb global_colors_info=\u00a0\u00bb{}\u00a0\u00bb theme_builder_area=\u00a0\u00bbpost_content\u00a0\u00bb][et_pb_column type=\u00a0\u00bb4_4&Prime; _builder_version=\u00a0\u00bb4.16&Prime; _module_preset=\u00a0\u00bbdefault\u00a0\u00bb global_colors_info=\u00a0\u00bb{}\u00a0\u00bb theme_builder_area=\u00a0\u00bbpost_content\u00a0\u00bb][et_pb_text _builder_version=\u00a0\u00bb4.20.2&Prime; _module_preset=\u00a0\u00bbdefault\u00a0\u00bb text_font_size=\u00a0\u00bb17px\u00a0\u00bb hover_enabled=\u00a0\u00bb0&Prime; global_colors_info=\u00a0\u00bb{}\u00a0\u00bb theme_builder_area=\u00a0\u00bbpost_content\u00a0\u00bb sticky_enabled=\u00a0\u00bb0&Prime;]<div class=\"page\" title=\"Page 1\">\n<div class=\"section\">\n<div class=\"layoutArea\">\n<div class=\"column\">\n<h2 style=\"text-align: center;\">Pour toute candidature, merci d\u2019adresser un CV accompagn\u00e9 d\u2019une lettre de motivation \u00e0 l&rsquo;adresse suivante<\/h2>\n<h2 class=\"p1\" style=\"text-align: center;\"><strong>job-ref-7oz7szcmm8@emploi.beetween.com <\/strong><\/h2>\n<\/div>\n<\/div>\n<\/div>\n<\/div>[\/et_pb_text][\/et_pb_column][\/et_pb_row][et_pb_row _builder_version=\u00a0\u00bb4.16&Prime; _module_preset=\u00a0\u00bbdefault\u00a0\u00bb global_colors_info=\u00a0\u00bb{}\u00a0\u00bb theme_builder_area=\u00a0\u00bbpost_content\u00a0\u00bb][et_pb_column type=\u00a0\u00bb4_4&Prime; _builder_version=\u00a0\u00bb4.16&Prime; _module_preset=\u00a0\u00bbdefault\u00a0\u00bb global_colors_info=\u00a0\u00bb{}\u00a0\u00bb theme_builder_area=\u00a0\u00bbpost_content\u00a0\u00bb][et_pb_button button_url=\u00a0\u00bb@ET-DC@eyJkeW5hbWljIjp0cnVlLCJjb250ZW50IjoicG9zdF9saW5rX3VybF9wYWdlIiwic2V0dGluZ3MiOnsicG9zdF9pZCI6IjExMTkifX0=@\u00a0\u00bb button_text=\u00a0\u00bbRETOUR AUX OFFRES\u00a0\u00bb _builder_version=\u00a0\u00bb4.16&Prime; _dynamic_attributes=\u00a0\u00bbbutton_url\u00a0\u00bb _module_preset=\u00a0\u00bbdefault\u00a0\u00bb custom_button=\u00a0\u00bbon\u00a0\u00bb button_text_color=\u00a0\u00bb#ffffff\u00a0\u00bb button_bg_color=\u00a0\u00bb#a4326b\u00a0\u00bb button_border_width=\u00a0\u00bb0px\u00a0\u00bb button_icon=\u00a0\u00bb&#x34;||divi||400&Prime; button_icon_placement=\u00a0\u00bbleft\u00a0\u00bb global_colors_info=\u00a0\u00bb{}\u00a0\u00bb theme_builder_area=\u00a0\u00bbpost_content\u00a0\u00bb][\/et_pb_button][\/et_pb_column][\/et_pb_row][\/et_pb_section]","protected":false},"excerpt":{"rendered":"<p>APPRENTI ASSISTANT RESSOURCES HUMAINES H\/F CAILLE GRANDE DISTRIBUTION Vous souhaitez d\u00e9velopper vos comp\u00e9tences en Ressources Humaines tout en contribuant activement au succ\u00e8s de notre entreprise ? Nous recherchons un(e) Assistant(e) Ressources Humaines en Apprentissage pour rejoindre notre \u00e9quipe. Vos principales missions : Accompagnement des managers op\u00e9rationnels sur les process RH : Conseiller et assister les [&hellip;]<\/p>\n","protected":false},"author":21,"featured_media":0,"parent":0,"menu_order":0,"comment_status":"closed","ping_status":"closed","template":"","meta":{"_et_pb_use_builder":"on","_et_pb_old_content":"","_et_gb_content_width":""},"_links":{"self":[{"href":"https:\/\/groupecaille.com\/index.php\/wp-json\/wp\/v2\/pages\/8330"}],"collection":[{"href":"https:\/\/groupecaille.com\/index.php\/wp-json\/wp\/v2\/pages"}],"about":[{"href":"https:\/\/groupecaille.com\/index.php\/wp-json\/wp\/v2\/types\/page"}],"author":[{"embeddable":true,"href":"https:\/\/groupecaille.com\/index.php\/wp-json\/wp\/v2\/users\/21"}],"replies":[{"embeddable":true,"href":"https:\/\/groupecaille.com\/index.php\/wp-json\/wp\/v2\/comments?post=8330"}],"version-history":[{"count":2,"href":"https:\/\/groupecaille.com\/index.php\/wp-json\/wp\/v2\/pages\/8330\/revisions"}],"predecessor-version":[{"id":8332,"href":"https:\/\/groupecaille.com\/index.php\/wp-json\/wp\/v2\/pages\/8330\/revisions\/8332"}],"wp:attachment":[{"href":"https:\/\/groupecaille.com\/index.php\/wp-json\/wp\/v2\/media?parent=8330"}],"curies":[{"name":"wp","href":"https:\/\/api.w.org\/{rel}","templated":true}]}}