{"id":8325,"date":"2024-10-28T14:57:35","date_gmt":"2024-10-28T10:57:35","guid":{"rendered":"https:\/\/groupecaille.com\/?page_id=8325"},"modified":"2024-10-28T14:57:42","modified_gmt":"2024-10-28T10:57:42","slug":"vivier-employe-commercial-h-f-toute-lile","status":"publish","type":"page","link":"https:\/\/groupecaille.com\/index.php\/vivier-employe-commercial-h-f-toute-lile\/","title":{"rendered":"<strong>VIVIER EMPLOYE COMMERCIAL H\/F \u2013 TOUTE L\u2019ILE<\/strong>"},"content":{"rendered":"[et_pb_section fb_built=\u00a0\u00bb1&Prime; _builder_version=\u00a0\u00bb4.16&Prime; _module_preset=\u00a0\u00bbdefault\u00a0\u00bb da_disable_devices=\u00a0\u00bboff|off|off\u00a0\u00bb global_colors_info=\u00a0\u00bb{}\u00a0\u00bb theme_builder_area=\u00a0\u00bbpost_content\u00a0\u00bb da_is_popup=\u00a0\u00bboff\u00a0\u00bb da_exit_intent=\u00a0\u00bboff\u00a0\u00bb da_has_close=\u00a0\u00bbon\u00a0\u00bb da_alt_close=\u00a0\u00bboff\u00a0\u00bb da_dark_close=\u00a0\u00bboff\u00a0\u00bb da_not_modal=\u00a0\u00bbon\u00a0\u00bb da_is_singular=\u00a0\u00bboff\u00a0\u00bb da_with_loader=\u00a0\u00bboff\u00a0\u00bb da_has_shadow=\u00a0\u00bbon\u00a0\u00bb][et_pb_row _builder_version=\u00a0\u00bb4.16&Prime; _module_preset=\u00a0\u00bbdefault\u00a0\u00bb background_color=\u00a0\u00bb#a4326b\u00a0\u00bb global_colors_info=\u00a0\u00bb{}\u00a0\u00bb theme_builder_area=\u00a0\u00bbpost_content\u00a0\u00bb][et_pb_column type=\u00a0\u00bb4_4&Prime; _builder_version=\u00a0\u00bb4.16&Prime; _module_preset=\u00a0\u00bbdefault\u00a0\u00bb global_colors_info=\u00a0\u00bb{}\u00a0\u00bb theme_builder_area=\u00a0\u00bbpost_content\u00a0\u00bb][et_pb_text _builder_version=\u00a0\u00bb4.20.2&Prime; _module_preset=\u00a0\u00bbdefault\u00a0\u00bb header_font=\u00a0\u00bb|||on|||||\u00a0\u00bb header_text_align=\u00a0\u00bbcenter\u00a0\u00bb header_text_color=\u00a0\u00bb#ffffff\u00a0\u00bb header_2_text_align=\u00a0\u00bbcenter\u00a0\u00bb header_2_text_color=\u00a0\u00bb#FFFFFF\u00a0\u00bb header_2_font_size=\u00a0\u00bb24px\u00a0\u00bb hover_enabled=\u00a0\u00bb0&Prime; global_colors_info=\u00a0\u00bb{}\u00a0\u00bb theme_builder_area=\u00a0\u00bbpost_content\u00a0\u00bb sticky_enabled=\u00a0\u00bb0&Prime;]<div class=\"page\" title=\"Page 1\">\n<div class=\"section\">\n<div class=\"layoutArea\">\n<div class=\"column\">\n<h2>VIVIER EMPLOYE COMMERCIAL H\/F<\/h2>\n<h2><strong> TOUTE L\u2019ILE<\/strong><\/h2>\n<\/div>\n<\/div>\n<\/div>\n<\/div>[\/et_pb_text][\/et_pb_column][\/et_pb_row][et_pb_row _builder_version=\u00a0\u00bb4.16&Prime; _module_preset=\u00a0\u00bbdefault\u00a0\u00bb global_colors_info=\u00a0\u00bb{}\u00a0\u00bb theme_builder_area=\u00a0\u00bbpost_content\u00a0\u00bb][et_pb_column type=\u00a0\u00bb4_4&Prime; _builder_version=\u00a0\u00bb4.16&Prime; _module_preset=\u00a0\u00bbdefault\u00a0\u00bb global_colors_info=\u00a0\u00bb{}\u00a0\u00bb theme_builder_area=\u00a0\u00bbpost_content\u00a0\u00bb][et_pb_text _builder_version=\u00a0\u00bb4.20.2&Prime; _module_preset=\u00a0\u00bbdefault\u00a0\u00bb hover_enabled=\u00a0\u00bb0&Prime; global_colors_info=\u00a0\u00bb{}\u00a0\u00bb theme_builder_area=\u00a0\u00bbpost_content\u00a0\u00bb sticky_enabled=\u00a0\u00bb0&Prime;]<p style=\"font-weight: 400;\"><\/p>\n<p class=\"p1\">Vous \u00eates passionn\u00e9(e) par le commerce et le service client ?<\/p>\n<p class=\"p1\">Rejoignez notre \u00e9quipe dynamique en tant qu&rsquo;<b>Employ\u00e9 Commercial H\/F<\/b> et contribuez \u00e0 offrir une exp\u00e9rience unique \u00e0 notre client\u00e8le !<\/p>\n<p class=\"p1\"><b>Vos missions :<\/b><\/p>\n<p class=\"p1\">En tant qu&rsquo;Employ\u00e9 Commercial H\/F, vous jouerez un r\u00f4le essentiel dans le bon fonctionnement de notre point de vente.<\/p>\n<p class=\"p1\">Vos principales missions seront :<\/p>\n<ul class=\"ul1\">\n<li class=\"li1\"><span class=\"s1\"><\/span><b>Accueillir et saluer la client\u00e8le<\/b> pour un accueil chaleureux et personnalis\u00e9.<\/li>\n<li class=\"li1\"><span class=\"s1\"><\/span><b>Assurer la disponibilit\u00e9 des produits<\/b> en effectuant le remplissage des rayons selon le planogramme.<\/li>\n<li class=\"li1\"><span class=\"s1\"><\/span><b>G\u00e9rer la rotation des produits<\/b> en v\u00e9rifiant les dates de p\u00e9remption (DLC\/DLV\/DLUO) et en retirant les produits non conformes.<\/li>\n<li class=\"li1\"><span class=\"s1\"><\/span><b>Enregistrer les produits en d\u00e9marque<\/b> et informer votre hi\u00e9rarchie des anomalies.<\/li>\n<li class=\"li1\"><span class=\"s1\"><\/span><b>Assurer le balisage et l&rsquo;\u00e9tiquetage<\/b> des produits en rayon, ainsi que la mise \u00e0 jour des prix (promotions, baisses de prix&#8230;).<\/li>\n<li class=\"li1\"><span class=\"s1\"><\/span><b>Veiller \u00e0 la propret\u00e9 et au rangement<\/b> des rayons et des surfaces de vente pour un magasin toujours accueillant.<\/li>\n<li class=\"li1\"><span class=\"s1\"><\/span><b>Conseiller et renseigner les clients<\/b>, tout en \u00e9tant \u00e0 leur \u00e9coute pour une exp\u00e9rience de vente optimis\u00e9e.<\/li>\n<li class=\"li1\"><span class=\"s1\"><\/span><b>Effectuer les op\u00e9rations d&rsquo;encaissement<\/b> tout en veillant \u00e0 la conformit\u00e9 du fonds de caisse.<\/li>\n<li class=\"li1\"><span class=\"s1\"><\/span><b>Proposer les services compl\u00e9mentaires<\/b> \u00e0 la vente (remises, carte de fid\u00e9lit\u00e9, etc.) pour d\u00e9velopper la satisfaction client.<\/li>\n<li class=\"li1\"><span class=\"s1\"><\/span><b>Participer aux inventaires g\u00e9n\u00e9raux et tournants<\/b> pour une gestion optimale des stocks.<\/li>\n<\/ul>\n<p class=\"p1\"><b>Profil recherch\u00e9 :<\/b><\/p>\n<p class=\"p1\">Nous recherchons un(e) candidat(e) passionn\u00e9(e) par le commerce et motiv\u00e9(e) \u00e0 l&rsquo;id\u00e9e de rejoindre une \u00e9quipe dynamique :<\/p>\n<ul class=\"ul1\">\n<li class=\"li1\"><span class=\"s1\"><\/span>Vous \u00eates <b>titulaire d&rsquo;un dipl\u00f4me dans le domaine du commerce<\/b>.<\/li>\n<li class=\"li1\"><span class=\"s1\"><\/span>Vous faites preuve d&rsquo;<b>autonomie<\/b> dans votre travail tout en \u00e9tant \u00e0 l&rsquo;aise pour <b>travailler en \u00e9quipe<\/b>.<\/li>\n<li class=\"li1\"><span class=\"s1\"><\/span>Vous avez le sens de l&rsquo;organisation et \u00eates reconnu(e) pour votre rigueur et votre proactivit\u00e9.<\/li>\n<\/ul>\n<p class=\"p1\">Le Groupe Caill\u00e9 est un employeur garantissant l&rsquo;\u00e9galit\u00e9 des chances et valorisant la diversit\u00e9 au sein de ses \u00e9quipes.<\/p>\n<p style=\"font-weight: 400;\"><\/p>[\/et_pb_text][\/et_pb_column][\/et_pb_row][et_pb_row _builder_version=\u00a0\u00bb4.16&Prime; _module_preset=\u00a0\u00bbdefault\u00a0\u00bb global_colors_info=\u00a0\u00bb{}\u00a0\u00bb theme_builder_area=\u00a0\u00bbpost_content\u00a0\u00bb][et_pb_column type=\u00a0\u00bb4_4&Prime; _builder_version=\u00a0\u00bb4.16&Prime; _module_preset=\u00a0\u00bbdefault\u00a0\u00bb global_colors_info=\u00a0\u00bb{}\u00a0\u00bb theme_builder_area=\u00a0\u00bbpost_content\u00a0\u00bb][et_pb_text _builder_version=\u00a0\u00bb4.20.2&Prime; _module_preset=\u00a0\u00bbdefault\u00a0\u00bb text_font_size=\u00a0\u00bb17px\u00a0\u00bb hover_enabled=\u00a0\u00bb0&Prime; global_colors_info=\u00a0\u00bb{}\u00a0\u00bb theme_builder_area=\u00a0\u00bbpost_content\u00a0\u00bb sticky_enabled=\u00a0\u00bb0&Prime;]<div class=\"page\" title=\"Page 1\">\n<div class=\"section\">\n<div class=\"layoutArea\">\n<div class=\"column\">\n<h2 style=\"text-align: center;\">Pour toute candidature, merci d\u2019adresser un CV accompagn\u00e9 d\u2019une lettre de motivation \u00e0 l&rsquo;adresse suivante<\/h2>\n<h2 class=\"p1\" style=\"text-align: center;\"><strong>job-ref-sgzec0n1ol@emploi.beetween.com <\/strong><\/h2>\n<\/div>\n<\/div>\n<\/div>\n<\/div>[\/et_pb_text][\/et_pb_column][\/et_pb_row][et_pb_row _builder_version=\u00a0\u00bb4.16&Prime; _module_preset=\u00a0\u00bbdefault\u00a0\u00bb global_colors_info=\u00a0\u00bb{}\u00a0\u00bb theme_builder_area=\u00a0\u00bbpost_content\u00a0\u00bb][et_pb_column type=\u00a0\u00bb4_4&Prime; _builder_version=\u00a0\u00bb4.16&Prime; _module_preset=\u00a0\u00bbdefault\u00a0\u00bb global_colors_info=\u00a0\u00bb{}\u00a0\u00bb theme_builder_area=\u00a0\u00bbpost_content\u00a0\u00bb][et_pb_button button_url=\u00a0\u00bb@ET-DC@eyJkeW5hbWljIjp0cnVlLCJjb250ZW50IjoicG9zdF9saW5rX3VybF9wYWdlIiwic2V0dGluZ3MiOnsicG9zdF9pZCI6IjExMTkifX0=@\u00a0\u00bb button_text=\u00a0\u00bbRETOUR AUX OFFRES\u00a0\u00bb _builder_version=\u00a0\u00bb4.16&Prime; _dynamic_attributes=\u00a0\u00bbbutton_url\u00a0\u00bb _module_preset=\u00a0\u00bbdefault\u00a0\u00bb custom_button=\u00a0\u00bbon\u00a0\u00bb button_text_color=\u00a0\u00bb#ffffff\u00a0\u00bb button_bg_color=\u00a0\u00bb#a4326b\u00a0\u00bb button_border_width=\u00a0\u00bb0px\u00a0\u00bb button_icon=\u00a0\u00bb&#x34;||divi||400&Prime; button_icon_placement=\u00a0\u00bbleft\u00a0\u00bb global_colors_info=\u00a0\u00bb{}\u00a0\u00bb theme_builder_area=\u00a0\u00bbpost_content\u00a0\u00bb][\/et_pb_button][\/et_pb_column][\/et_pb_row][\/et_pb_section]","protected":false},"excerpt":{"rendered":"<p>VIVIER EMPLOYE COMMERCIAL H\/F TOUTE L\u2019ILE Vous \u00eates passionn\u00e9(e) par le commerce et le service client ? Rejoignez notre \u00e9quipe dynamique en tant qu&rsquo;Employ\u00e9 Commercial H\/F et contribuez \u00e0 offrir une exp\u00e9rience unique \u00e0 notre client\u00e8le ! Vos missions : En tant qu&rsquo;Employ\u00e9 Commercial H\/F, vous jouerez un r\u00f4le essentiel dans le bon fonctionnement de [&hellip;]<\/p>\n","protected":false},"author":21,"featured_media":0,"parent":0,"menu_order":0,"comment_status":"closed","ping_status":"closed","template":"","meta":{"_et_pb_use_builder":"on","_et_pb_old_content":"","_et_gb_content_width":""},"_links":{"self":[{"href":"https:\/\/groupecaille.com\/index.php\/wp-json\/wp\/v2\/pages\/8325"}],"collection":[{"href":"https:\/\/groupecaille.com\/index.php\/wp-json\/wp\/v2\/pages"}],"about":[{"href":"https:\/\/groupecaille.com\/index.php\/wp-json\/wp\/v2\/types\/page"}],"author":[{"embeddable":true,"href":"https:\/\/groupecaille.com\/index.php\/wp-json\/wp\/v2\/users\/21"}],"replies":[{"embeddable":true,"href":"https:\/\/groupecaille.com\/index.php\/wp-json\/wp\/v2\/comments?post=8325"}],"version-history":[{"count":2,"href":"https:\/\/groupecaille.com\/index.php\/wp-json\/wp\/v2\/pages\/8325\/revisions"}],"predecessor-version":[{"id":8327,"href":"https:\/\/groupecaille.com\/index.php\/wp-json\/wp\/v2\/pages\/8325\/revisions\/8327"}],"wp:attachment":[{"href":"https:\/\/groupecaille.com\/index.php\/wp-json\/wp\/v2\/media?parent=8325"}],"curies":[{"name":"wp","href":"https:\/\/api.w.org\/{rel}","templated":true}]}}