{"id":8049,"date":"2024-05-28T15:11:04","date_gmt":"2024-05-28T11:11:04","guid":{"rendered":"https:\/\/groupecaille.com\/?page_id=8049"},"modified":"2024-05-28T15:11:22","modified_gmt":"2024-05-28T11:11:22","slug":"chef-dequipe-referent-technique-h-f","status":"publish","type":"page","link":"https:\/\/groupecaille.com\/index.php\/chef-dequipe-referent-technique-h-f\/","title":{"rendered":"Chef d&rsquo;equipe Referent Technique H\/F"},"content":{"rendered":"<p>[et_pb_section fb_built=\u00a0\u00bb1&Prime; _builder_version=\u00a0\u00bb4.16&Prime; _module_preset=\u00a0\u00bbdefault\u00a0\u00bb da_disable_devices=\u00a0\u00bboff|off|off\u00a0\u00bb global_colors_info=\u00a0\u00bb{}\u00a0\u00bb da_is_popup=\u00a0\u00bboff\u00a0\u00bb da_exit_intent=\u00a0\u00bboff\u00a0\u00bb da_has_close=\u00a0\u00bbon\u00a0\u00bb da_alt_close=\u00a0\u00bboff\u00a0\u00bb da_dark_close=\u00a0\u00bboff\u00a0\u00bb da_not_modal=\u00a0\u00bbon\u00a0\u00bb da_is_singular=\u00a0\u00bboff\u00a0\u00bb da_with_loader=\u00a0\u00bboff\u00a0\u00bb da_has_shadow=\u00a0\u00bbon\u00a0\u00bb][et_pb_row _builder_version=\u00a0\u00bb4.16&Prime; _module_preset=\u00a0\u00bbdefault\u00a0\u00bb background_color=\u00a0\u00bb#a4326b\u00a0\u00bb global_colors_info=\u00a0\u00bb{}\u00a0\u00bb][et_pb_column type=\u00a0\u00bb4_4&Prime; _builder_version=\u00a0\u00bb4.16&Prime; _module_preset=\u00a0\u00bbdefault\u00a0\u00bb global_colors_info=\u00a0\u00bb{}\u00a0\u00bb][et_pb_text _builder_version=\u00a0\u00bb4.20.2&Prime; _module_preset=\u00a0\u00bbdefault\u00a0\u00bb header_font=\u00a0\u00bb|||on|||||\u00a0\u00bb header_text_align=\u00a0\u00bbcenter\u00a0\u00bb header_text_color=\u00a0\u00bb#ffffff\u00a0\u00bb header_2_text_align=\u00a0\u00bbcenter\u00a0\u00bb header_2_text_color=\u00a0\u00bb#FFFFFF\u00a0\u00bb header_2_font_size=\u00a0\u00bb24px\u00a0\u00bb global_colors_info=\u00a0\u00bb{}\u00a0\u00bb]<\/p>\n<div class=\"page\" title=\"Page 1\">\n<div class=\"section\">\n<div class=\"layoutArea\">\n<div class=\"column\">\n<h2><strong><span>SMCI RECRUTE !<\/span><\/strong><span><o:p><\/o:p><\/span><\/h2>\n<h1><span>Chef d&rsquo;\u00e9quipe R\u00e9f\u00e9rent Technique H\/F <\/span><\/h1>\n<\/div>\n<\/div>\n<\/div>\n<\/div>\n<p>[\/et_pb_text][\/et_pb_column][\/et_pb_row][et_pb_row _builder_version=\u00a0\u00bb4.16&Prime; _module_preset=\u00a0\u00bbdefault\u00a0\u00bb global_colors_info=\u00a0\u00bb{}\u00a0\u00bb][et_pb_column type=\u00a0\u00bb4_4&Prime; _builder_version=\u00a0\u00bb4.16&Prime; _module_preset=\u00a0\u00bbdefault\u00a0\u00bb global_colors_info=\u00a0\u00bb{}\u00a0\u00bb][et_pb_text _builder_version=\u00a0\u00bb4.18.0&Prime; _module_preset=\u00a0\u00bbdefault\u00a0\u00bb global_colors_info=\u00a0\u00bb{}\u00a0\u00bb][\/et_pb_text][et_pb_text _builder_version=\u00a0\u00bb4.20.2&Prime; _module_preset=\u00a0\u00bbdefault\u00a0\u00bb global_colors_info=\u00a0\u00bb{}\u00a0\u00bb]<\/p>\n<div class=\"page\" title=\"Page 1\">\n<div class=\"section\">\n<div class=\"layoutArea\">\n<div class=\"column\">\n<p><span style=\"font-size: 14px;\">\u00a0<\/span><span style=\"font-size: 14px;\">Nous recherchons un Chef d&rsquo;\u00e9quipe R\u00e9f\u00e9rent Technique H\/F passionn\u00e9 et dynamique pour rejoindre notre \u00e9quipe de Mayotte !<\/span><\/p>\n<p><span>\u00a0<o:p><\/o:p><\/span><\/p>\n<p><span>En tant que Chef d&rsquo;Equipe R\u00e9f\u00e9rent Technique H\/F, vous serez responsable de la gestion de l&rsquo;atelier, de l&rsquo;encadrement de l&rsquo;\u00e9quipe, de la relation avec les clients et de la fourniture d&rsquo;un support technique de qualit\u00e9.<o:p><\/o:p><\/span><\/p>\n<p><span>\u00a0<o:p><\/o:p><\/span><\/p>\n<p><span>Vos missions principales seront :<o:p><\/o:p><\/span><\/p>\n<ul type=\"disc\">\n<li><span>Organiser et superviser le travail en atelier,<o:p><\/o:p><\/span><\/li>\n<li><span>Planifier la gestion des ressources,<o:p><\/o:p><\/span><\/li>\n<li><span>G\u00e9rer les relations avec les clients,<o:p><\/o:p><\/span><\/li>\n<li><span>Fournir un support technique efficace en interne et en externe.<o:p><\/o:p><\/span><\/li>\n<\/ul>\n<p><span>\u00a0<o:p><\/o:p><\/span><\/p>\n<p><span>Nous recherchons une personne dot\u00e9e d&rsquo;une capacit\u00e9 av\u00e9r\u00e9e \u00e0 manager une \u00e9quipe, d&rsquo;excellentes comp\u00e9tences en communication et en gestion de la relation client, ainsi que d&rsquo;une bonne capacit\u00e9 \u00e0 g\u00e9rer les conflits.<o:p><\/o:p><\/span><\/p>\n<p><span>Une connaissance approfondie en m\u00e9canique est indispensable pour ce poste.<o:p><\/o:p><\/span><\/p>\n<p><span>\u00a0<o:p><\/o:p><\/span><\/p>\n<p><span>Si vous recherchez un poste stimulant et vari\u00e9 au sein d&rsquo;une entreprise dynamique et en plein d\u00e9veloppement, alors n&rsquo;h\u00e9sitez pas \u00e0 postuler d\u00e8s maintenant pour rejoindre notre \u00e9quipe !\u00a0<\/span><\/p>\n<\/div>\n<\/div>\n<\/div>\n<\/div>\n<p>[\/et_pb_text][\/et_pb_column][\/et_pb_row][et_pb_row _builder_version=\u00a0\u00bb4.16&Prime; _module_preset=\u00a0\u00bbdefault\u00a0\u00bb global_colors_info=\u00a0\u00bb{}\u00a0\u00bb][et_pb_column type=\u00a0\u00bb4_4&Prime; _builder_version=\u00a0\u00bb4.16&Prime; _module_preset=\u00a0\u00bbdefault\u00a0\u00bb global_colors_info=\u00a0\u00bb{}\u00a0\u00bb][et_pb_text _builder_version=\u00a0\u00bb4.20.2&Prime; _module_preset=\u00a0\u00bbdefault\u00a0\u00bb hover_enabled=\u00a0\u00bb0&Prime; global_colors_info=\u00a0\u00bb{}\u00a0\u00bb sticky_enabled=\u00a0\u00bb0&Prime;]<\/p>\n<div class=\"page\" title=\"Page 1\">\n<div class=\"section\">\n<div class=\"layoutArea\">\n<div class=\"column\">\n<h3 style=\"text-align: center;\">Pour toute candidature, merci d\u2019adresser un CV accompagn\u00e9 d\u2019une lettre de motivation \u00e0 l&rsquo;adresse suivante<\/h3>\n<h3 style=\"text-align: center;\"><span> <\/span><strong><a href=\"mailto:job-ref-cj4p5qf39m@emploi.beetween.com\">job-ref-cj4p5qf39m@emploi.beetween.com<\/a><\/strong><\/h3>\n<p>&nbsp;<\/p>\n<p>&nbsp;<\/p>\n<\/div>\n<\/div>\n<\/div>\n<\/div>\n<p>[\/et_pb_text][\/et_pb_column][\/et_pb_row][et_pb_row _builder_version=\u00a0\u00bb4.16&Prime; _module_preset=\u00a0\u00bbdefault\u00a0\u00bb global_colors_info=\u00a0\u00bb{}\u00a0\u00bb][et_pb_column type=\u00a0\u00bb4_4&Prime; _builder_version=\u00a0\u00bb4.16&Prime; _module_preset=\u00a0\u00bbdefault\u00a0\u00bb global_colors_info=\u00a0\u00bb{}\u00a0\u00bb][et_pb_button button_url=\u00a0\u00bb@ET-DC@eyJkeW5hbWljIjp0cnVlLCJjb250ZW50IjoicG9zdF9saW5rX3VybF9wYWdlIiwic2V0dGluZ3MiOnsicG9zdF9pZCI6IjExMTkifX0=@\u00a0\u00bb button_text=\u00a0\u00bbRETOUR AUX OFFRES\u00a0\u00bb _builder_version=\u00a0\u00bb4.16&Prime; _dynamic_attributes=\u00a0\u00bbbutton_url\u00a0\u00bb _module_preset=\u00a0\u00bbdefault\u00a0\u00bb custom_button=\u00a0\u00bbon\u00a0\u00bb button_text_color=\u00a0\u00bb#ffffff\u00a0\u00bb button_bg_color=\u00a0\u00bb#a4326b\u00a0\u00bb button_border_width=\u00a0\u00bb0px\u00a0\u00bb button_icon=\u00a0\u00bb&#x34;||divi||400&Prime; button_icon_placement=\u00a0\u00bbleft\u00a0\u00bb global_colors_info=\u00a0\u00bb{}\u00a0\u00bb][\/et_pb_button][\/et_pb_column][\/et_pb_row][\/et_pb_section]<\/p>\n","protected":false},"excerpt":{"rendered":"<p>SMCI RECRUTE ! Chef d&rsquo;\u00e9quipe R\u00e9f\u00e9rent Technique H\/F \u00a0Nous recherchons un Chef d&rsquo;\u00e9quipe R\u00e9f\u00e9rent Technique H\/F passionn\u00e9 et dynamique pour rejoindre notre \u00e9quipe de Mayotte ! \u00a0 En tant que Chef d&rsquo;Equipe R\u00e9f\u00e9rent Technique H\/F, vous serez responsable de la gestion de l&rsquo;atelier, de l&rsquo;encadrement de l&rsquo;\u00e9quipe, de la relation avec les clients et de [&hellip;]<\/p>\n","protected":false},"author":21,"featured_media":0,"parent":0,"menu_order":0,"comment_status":"closed","ping_status":"closed","template":"","meta":{"_et_pb_use_builder":"on","_et_pb_old_content":"","_et_gb_content_width":""},"_links":{"self":[{"href":"https:\/\/groupecaille.com\/index.php\/wp-json\/wp\/v2\/pages\/8049"}],"collection":[{"href":"https:\/\/groupecaille.com\/index.php\/wp-json\/wp\/v2\/pages"}],"about":[{"href":"https:\/\/groupecaille.com\/index.php\/wp-json\/wp\/v2\/types\/page"}],"author":[{"embeddable":true,"href":"https:\/\/groupecaille.com\/index.php\/wp-json\/wp\/v2\/users\/21"}],"replies":[{"embeddable":true,"href":"https:\/\/groupecaille.com\/index.php\/wp-json\/wp\/v2\/comments?post=8049"}],"version-history":[{"count":4,"href":"https:\/\/groupecaille.com\/index.php\/wp-json\/wp\/v2\/pages\/8049\/revisions"}],"predecessor-version":[{"id":8054,"href":"https:\/\/groupecaille.com\/index.php\/wp-json\/wp\/v2\/pages\/8049\/revisions\/8054"}],"wp:attachment":[{"href":"https:\/\/groupecaille.com\/index.php\/wp-json\/wp\/v2\/media?parent=8049"}],"curies":[{"name":"wp","href":"https:\/\/api.w.org\/{rel}","templated":true}]}}