{"id":7114,"date":"2022-05-24T15:22:30","date_gmt":"2022-05-24T11:22:30","guid":{"rendered":"https:\/\/groupecaille.com\/?page_id=7114"},"modified":"2022-05-24T15:22:30","modified_gmt":"2022-05-24T11:22:30","slug":"conseiller-e-commercial-vehicules-neufs-hall-h-f","status":"publish","type":"page","link":"https:\/\/groupecaille.com\/index.php\/conseiller-e-commercial-vehicules-neufs-hall-h-f\/","title":{"rendered":"CONSEILLER.E COMMERCIAL VEHICULES NEUFS (HALL) (H\/F)"},"content":{"rendered":"<p>[et_pb_section fb_built=\u00a0\u00bb1&Prime; _builder_version=\u00a0\u00bb4.6.1&Prime; _module_preset=\u00a0\u00bbdefault\u00a0\u00bb][et_pb_row _builder_version=\u00a0\u00bb4.6.1&Prime; _module_preset=\u00a0\u00bbdefault\u00a0\u00bb background_color=\u00a0\u00bb#a4326b\u00a0\u00bb][et_pb_column type=\u00a0\u00bb4_4&Prime; _builder_version=\u00a0\u00bb4.6.1&Prime; _module_preset=\u00a0\u00bbdefault\u00a0\u00bb][et_pb_text _builder_version=\u00a0\u00bb4.6.1&Prime; _module_preset=\u00a0\u00bbdefault\u00a0\u00bb header_text_align=\u00a0\u00bbcenter\u00a0\u00bb header_text_color=\u00a0\u00bb#ffffff\u00a0\u00bb hover_enabled=\u00a0\u00bb0&Prime; sticky_enabled=\u00a0\u00bb0&Prime;]<\/p>\n<div class=\"page\" title=\"Page 1\">\n<div class=\"section\">\n<div class=\"layoutArea\">\n<div class=\"column\">\n<h1 style=\"text-align: center;\"><strong>CONSEILLER.E COMMERCIAL VEHICULES NEUFS (HALL) (H\/F)<\/strong><\/h1>\n<\/div>\n<\/div>\n<\/div>\n<\/div>\n<p>[\/et_pb_text][\/et_pb_column][\/et_pb_row][et_pb_row _builder_version=\u00a0\u00bb4.6.1&Prime; _module_preset=\u00a0\u00bbdefault\u00a0\u00bb][et_pb_column type=\u00a0\u00bb4_4&Prime; _builder_version=\u00a0\u00bb4.6.1&Prime; _module_preset=\u00a0\u00bbdefault\u00a0\u00bb][et_pb_text _builder_version=\u00a0\u00bb4.6.1&Prime; _module_preset=\u00a0\u00bbdefault\u00a0\u00bb]<\/p>\n<div class=\"page\" title=\"Page 1\">\n<div class=\"section\">\n<div class=\"layoutArea\">\n<div class=\"column\">\n<p style=\"text-align: center;\"><strong>Le\/la Conseiller(\u00e8re) Commercial VN (Hall) a pour objectif de d\u00e9velopper les ventes du portefeuille clients existants et de prospecter une nouvelle client\u00e8le.<\/strong><\/p>\n<\/div>\n<\/div>\n<\/div>\n<\/div>\n<p>[\/et_pb_text][\/et_pb_column][\/et_pb_row][et_pb_row column_structure=\u00a0\u00bb1_4,3_4&Prime; _builder_version=\u00a0\u00bb4.6.1&Prime; _module_preset=\u00a0\u00bbdefault\u00a0\u00bb][et_pb_column type=\u00a0\u00bb1_4&Prime; _builder_version=\u00a0\u00bb4.6.1&Prime; _module_preset=\u00a0\u00bbdefault\u00a0\u00bb][et_pb_text _builder_version=\u00a0\u00bb4.6.1&Prime; _module_preset=\u00a0\u00bbdefault\u00a0\u00bb text_font=\u00a0\u00bb|300||on|||||\u00a0\u00bb text_text_color=\u00a0\u00bb#ffffff\u00a0\u00bb header_text_color=\u00a0\u00bb#ffffff\u00a0\u00bb background_color=\u00a0\u00bb#6b6b6b\u00a0\u00bb text_orientation=\u00a0\u00bbcenter\u00a0\u00bb background_layout=\u00a0\u00bbdark\u00a0\u00bb module_alignment=\u00a0\u00bbcenter\u00a0\u00bb custom_padding=\u00a0\u00bb8px||0px||false|false\u00a0\u00bb]<\/p>\n<h3 style=\"text-align: center;\"><strong>FONCTION<\/strong><\/h3>\n<p>[\/et_pb_text][\/et_pb_column][et_pb_column type=\u00a0\u00bb3_4&Prime; _builder_version=\u00a0\u00bb4.6.1&Prime; _module_preset=\u00a0\u00bbdefault\u00a0\u00bb][et_pb_text _builder_version=\u00a0\u00bb4.6.1&Prime; _module_preset=\u00a0\u00bbdefault\u00a0\u00bb]<\/p>\n<p class=\"p1\"><strong>Dans ce cadre, il\/elle r\u00e9alise notamment les missions suivantes :<\/strong><\/p>\n<p class=\"p1\">\u2022 Conseil, proposition et vente de v\u00e9hicules correspondant aux besoins des clients ou futurs clients \u2022 R\u00e9alisation des objectifs qualitatifs et quantitatifs annuels fix\u00e9s par sa hi\u00e9rarchie<br \/>\u2022 Prospection, r\u00e9ception et suivi de la client\u00e8le \u00abv\u00e9hicules\u00bb<br \/>\u2022 Pr\u00e9sentation des possibilit\u00e9 de financement ainsi que des produits p\u00e9riph\u00e9riques<br \/>\u2022 Estimation physique du v\u00e9hicule d\u2019occasion<br \/>\u2022 N\u00e9gociation de reprise du v\u00e9hicule d\u2019occasion dans le cadre des directives re\u00e7ues<br \/>\u2022 Gestion administrative des activit\u00e9s de commercialisation<br \/>\u2022 Etablissement de comptes rendus d\u2019activit\u00e9 commerciale<br \/>\u2022 Application des proc\u00e9dures qualit\u00e9 en vigueur au sein de la marque Peugeot et de l\u2019entreprise.<\/p>\n<p>[\/et_pb_text][\/et_pb_column][\/et_pb_row][et_pb_row column_structure=\u00a0\u00bb1_4,3_4&Prime; _builder_version=\u00a0\u00bb4.6.1&Prime; _module_preset=\u00a0\u00bbdefault\u00a0\u00bb][et_pb_column type=\u00a0\u00bb1_4&Prime; _builder_version=\u00a0\u00bb4.6.1&Prime; _module_preset=\u00a0\u00bbdefault\u00a0\u00bb][et_pb_text _builder_version=\u00a0\u00bb4.6.1&Prime; _module_preset=\u00a0\u00bbdefault\u00a0\u00bb text_font=\u00a0\u00bb|300||on|||||\u00a0\u00bb text_text_color=\u00a0\u00bb#ffffff\u00a0\u00bb header_text_color=\u00a0\u00bb#ffffff\u00a0\u00bb background_color=\u00a0\u00bb#6b6b6b\u00a0\u00bb text_orientation=\u00a0\u00bbcenter\u00a0\u00bb background_layout=\u00a0\u00bbdark\u00a0\u00bb module_alignment=\u00a0\u00bbcenter\u00a0\u00bb custom_padding=\u00a0\u00bb8px||0px||false|false\u00a0\u00bb]<\/p>\n<h3 style=\"text-align: center;\"><strong>PROFIL<\/strong><\/h3>\n<p>[\/et_pb_text][\/et_pb_column][et_pb_column type=\u00a0\u00bb3_4&Prime; _builder_version=\u00a0\u00bb4.6.1&Prime; _module_preset=\u00a0\u00bbdefault\u00a0\u00bb][et_pb_text _builder_version=\u00a0\u00bb4.6.1&Prime; _module_preset=\u00a0\u00bbdefault\u00a0\u00bb hover_enabled=\u00a0\u00bb0&Prime; sticky_enabled=\u00a0\u00bb0&Prime;]<\/p>\n<p class=\"p1\"><strong>Savoir-faire attendu :<\/strong><\/p>\n<p class=\"p1\">\u2022 Est passionn\u00e9(e) de l\u2019automobile et dot\u00e9(e) d\u2019une r\u00e9elle pugnacit\u00e9 commerciale<br \/>\u2022 Aime les d\u00e9fis et sait se battre pour l\u2019atteinte des objectifs commerciaux mensuels \u2022 Respecte les proc\u00e9dures mis en place par l\u2019entreprise<br \/>\u2022 Est capable de g\u00e9rer son temps<\/p>\n<p class=\"p1\">\n<p class=\"p1\"><strong>Savoir-\u00eatre attendu :<\/strong><\/p>\n<p class=\"p1\">\u2022 Avoir un excellent sens relationnel afin de s\u2019adapter avec diplomatie \u00e0 chaque interlocuteur \u2022 Avoir de l\u2019empathie<br \/>\u2022 Force de persuasion &#8211; pers\u00e9v\u00e9rant et patient<br \/>\u2022 Enthousiaste &#8211; optimiste &#8211; autonome<\/p>\n<p class=\"p1\">\n<p class=\"p1\"><strong>Profil :<\/strong><\/p>\n<p class=\"p1\">\u2022 Exp\u00e9rience r\u00e9ussie en vente automobile et\/ou BAC+2 orient\u00e9 Vente \/\/ Titre de vendeur confirm\u00e9 GNFA \u2022 Permis B indispensable<\/p>\n<p>[\/et_pb_text][\/et_pb_column][\/et_pb_row][et_pb_row _builder_version=\u00a0\u00bb4.6.1&Prime; _module_preset=\u00a0\u00bbdefault\u00a0\u00bb][et_pb_column type=\u00a0\u00bb4_4&Prime; _builder_version=\u00a0\u00bb4.6.1&Prime; _module_preset=\u00a0\u00bbdefault\u00a0\u00bb][et_pb_text _builder_version=\u00a0\u00bb4.6.1&Prime; _module_preset=\u00a0\u00bbdefault\u00a0\u00bb]<\/p>\n<div class=\"page\" title=\"Page 1\">\n<div class=\"section\">\n<div class=\"layoutArea\">\n<div class=\"column\">\n<h3 style=\"text-align: center;\"><strong>Contrat \u00e0 dur\u00e9e Ind\u00e9termin\u00e9e &#8211; Temps complet : 151,67 heures\/mois &#8211; Saint-Denis<\/strong><\/h3>\n<p style=\"text-align: center;\">Pour toute candidature, merci d\u2019adresser un CV accompagn\u00e9 d\u2019une lettre de motivation<br \/>\u00e0 l\u2019attention de : Direction des Ressources Humaines\/Laurianne GRASSIN<br \/>\u00a0Adresse : 31,rue Jules Verne &#8211; Z.I n\u00b02 &#8211; 97 420 LE PORT<\/p>\n<p style=\"text-align: center;\"><span style=\"font-size: x-large;\"><strong>Email :\u00a0recrutement.auto@caille.com<\/strong><\/span><\/p>\n<\/div>\n<\/div>\n<\/div>\n<\/div>\n<p>[\/et_pb_text][\/et_pb_column][\/et_pb_row][et_pb_row _builder_version=\u00a0\u00bb4.6.1&Prime; _module_preset=\u00a0\u00bbdefault\u00a0\u00bb][et_pb_column type=\u00a0\u00bb4_4&Prime; _builder_version=\u00a0\u00bb4.6.1&Prime; _module_preset=\u00a0\u00bbdefault\u00a0\u00bb][et_pb_button button_url=\u00a0\u00bb@ET-DC@eyJkeW5hbWljIjp0cnVlLCJjb250ZW50IjoicG9zdF9saW5rX3VybF9wYWdlIiwic2V0dGluZ3MiOnsicG9zdF9pZCI6IjExMTkifX0=@\u00a0\u00bb button_text=\u00a0\u00bbRETOUR AUX OFFRES\u00a0\u00bb _builder_version=\u00a0\u00bb4.6.1&Prime; _dynamic_attributes=\u00a0\u00bbbutton_url\u00a0\u00bb _module_preset=\u00a0\u00bbdefault\u00a0\u00bb custom_button=\u00a0\u00bbon\u00a0\u00bb button_text_color=\u00a0\u00bb#ffffff\u00a0\u00bb button_bg_color=\u00a0\u00bb#a4326b\u00a0\u00bb button_border_width=\u00a0\u00bb0px\u00a0\u00bb button_icon=\u00a0\u00bb%%19%%\u00a0\u00bb button_icon_placement=\u00a0\u00bbleft\u00a0\u00bb][\/et_pb_button][\/et_pb_column][\/et_pb_row][\/et_pb_section]<\/p>\n","protected":false},"excerpt":{"rendered":"<p>CONSEILLER.E COMMERCIAL VEHICULES NEUFS (HALL) (H\/F) Le\/la Conseiller(\u00e8re) Commercial VN (Hall) a pour objectif de d\u00e9velopper les ventes du portefeuille clients existants et de prospecter une nouvelle client\u00e8le. FONCTIONDans ce cadre, il\/elle r\u00e9alise notamment les missions suivantes : \u2022 Conseil, proposition et vente de v\u00e9hicules correspondant aux besoins des clients ou futurs clients \u2022 R\u00e9alisation [&hellip;]<\/p>\n","protected":false},"author":15,"featured_media":0,"parent":0,"menu_order":0,"comment_status":"closed","ping_status":"closed","template":"","meta":{"_et_pb_use_builder":"on","_et_pb_old_content":"","_et_gb_content_width":""},"_links":{"self":[{"href":"https:\/\/groupecaille.com\/index.php\/wp-json\/wp\/v2\/pages\/7114"}],"collection":[{"href":"https:\/\/groupecaille.com\/index.php\/wp-json\/wp\/v2\/pages"}],"about":[{"href":"https:\/\/groupecaille.com\/index.php\/wp-json\/wp\/v2\/types\/page"}],"author":[{"embeddable":true,"href":"https:\/\/groupecaille.com\/index.php\/wp-json\/wp\/v2\/users\/15"}],"replies":[{"embeddable":true,"href":"https:\/\/groupecaille.com\/index.php\/wp-json\/wp\/v2\/comments?post=7114"}],"version-history":[{"count":2,"href":"https:\/\/groupecaille.com\/index.php\/wp-json\/wp\/v2\/pages\/7114\/revisions"}],"predecessor-version":[{"id":7120,"href":"https:\/\/groupecaille.com\/index.php\/wp-json\/wp\/v2\/pages\/7114\/revisions\/7120"}],"wp:attachment":[{"href":"https:\/\/groupecaille.com\/index.php\/wp-json\/wp\/v2\/media?parent=7114"}],"curies":[{"name":"wp","href":"https:\/\/api.w.org\/{rel}","templated":true}]}}