{"id":6844,"date":"2022-03-10T10:52:11","date_gmt":"2022-03-10T06:52:11","guid":{"rendered":"https:\/\/groupecaille.com\/?page_id=6844"},"modified":"2022-03-10T10:52:11","modified_gmt":"2022-03-10T06:52:11","slug":"equipier-commercial-h-f","status":"publish","type":"page","link":"https:\/\/groupecaille.com\/index.php\/equipier-commercial-h-f\/","title":{"rendered":"EQUIPIER COMMERCIAL (H\/F)"},"content":{"rendered":"<p>[et_pb_section fb_built=\u00a0\u00bb1&Prime; _builder_version=\u00a0\u00bb4.6.1&Prime; _module_preset=\u00a0\u00bbdefault\u00a0\u00bb][et_pb_row _builder_version=\u00a0\u00bb4.6.1&Prime; _module_preset=\u00a0\u00bbdefault\u00a0\u00bb background_color=\u00a0\u00bb#a4326b\u00a0\u00bb][et_pb_column type=\u00a0\u00bb4_4&Prime; _builder_version=\u00a0\u00bb4.6.1&Prime; _module_preset=\u00a0\u00bbdefault\u00a0\u00bb][et_pb_text _builder_version=\u00a0\u00bb4.6.1&Prime; _module_preset=\u00a0\u00bbdefault\u00a0\u00bb header_text_align=\u00a0\u00bbcenter\u00a0\u00bb header_text_color=\u00a0\u00bb#ffffff\u00a0\u00bb hover_enabled=\u00a0\u00bb0&Prime; sticky_enabled=\u00a0\u00bb0&Prime;]<\/p>\n<div class=\"page\" title=\"Page 1\">\n<div class=\"section\">\n<div class=\"layoutArea\">\n<div class=\"column\">\n<h1 style=\"text-align: center;\"><strong>EQUIPIER COMMERCIAL (H\/F)<\/strong><\/h1>\n<\/div>\n<\/div>\n<\/div>\n<\/div>\n<p>[\/et_pb_text][\/et_pb_column][\/et_pb_row][et_pb_row _builder_version=\u00a0\u00bb4.6.1&Prime; _module_preset=\u00a0\u00bbdefault\u00a0\u00bb][et_pb_column type=\u00a0\u00bb4_4&Prime; _builder_version=\u00a0\u00bb4.6.1&Prime; _module_preset=\u00a0\u00bbdefault\u00a0\u00bb][et_pb_text _builder_version=\u00a0\u00bb4.6.1&Prime; _module_preset=\u00a0\u00bbdefault\u00a0\u00bb]<\/p>\n<div class=\"page\" title=\"Page 1\">\n<div class=\"section\">\n<div class=\"layoutArea\">\n<div class=\"column\">\n<p style=\"text-align: center;\"><strong>Le\/la Conseiller(\u00e8re) Commercial VN est l\u2019ambassadeur(rice) de la marque et a pour objectif de d\u00e9velopper les ventes du portefeuille clients existants et de prospecter une nouvelle client\u00e8le.<\/strong><\/p>\n<\/div>\n<\/div>\n<\/div>\n<\/div>\n<p>[\/et_pb_text][\/et_pb_column][\/et_pb_row][et_pb_row column_structure=\u00a0\u00bb1_4,3_4&Prime; _builder_version=\u00a0\u00bb4.6.1&Prime; _module_preset=\u00a0\u00bbdefault\u00a0\u00bb][et_pb_column type=\u00a0\u00bb1_4&Prime; _builder_version=\u00a0\u00bb4.6.1&Prime; _module_preset=\u00a0\u00bbdefault\u00a0\u00bb][et_pb_text _builder_version=\u00a0\u00bb4.6.1&Prime; _module_preset=\u00a0\u00bbdefault\u00a0\u00bb text_font=\u00a0\u00bb|300||on|||||\u00a0\u00bb text_text_color=\u00a0\u00bb#ffffff\u00a0\u00bb header_text_color=\u00a0\u00bb#ffffff\u00a0\u00bb background_color=\u00a0\u00bb#6b6b6b\u00a0\u00bb text_orientation=\u00a0\u00bbcenter\u00a0\u00bb background_layout=\u00a0\u00bbdark\u00a0\u00bb module_alignment=\u00a0\u00bbcenter\u00a0\u00bb custom_padding=\u00a0\u00bb8px||0px||false|false\u00a0\u00bb]<\/p>\n<h3 style=\"text-align: center;\"><strong>FONCTION<\/strong><\/h3>\n<p>[\/et_pb_text][\/et_pb_column][et_pb_column type=\u00a0\u00bb3_4&Prime; _builder_version=\u00a0\u00bb4.6.1&Prime; _module_preset=\u00a0\u00bbdefault\u00a0\u00bb][et_pb_text _builder_version=\u00a0\u00bb4.6.1&Prime; _module_preset=\u00a0\u00bbdefault\u00a0\u00bb hover_enabled=\u00a0\u00bb0&Prime; sticky_enabled=\u00a0\u00bb0&Prime;]<\/p>\n<div class=\"page\" title=\"Page 1\">\n<div class=\"section\">\n<div class=\"layoutArea\">\n<div class=\"column\">\n<p><span><strong>1 &#8211; Assurer la disponibilite\u0301, la rotation et la mise en valeur des produits en rayon<\/strong> <\/span><\/p>\n<p><span>\u2022 Effectue la mise en rayon et le re\u0301assort des produits, conforme\u0301ment au respect des logiques d\u2019implantation du magasin. <br \/><\/span><span>\u2022 Met en place les promotions. (TG, i\u0302lot central&#8230;)<br \/> \u2022 Suit la dure\u0301e de vie des produits et en assure la rotation<br \/> \u2022 Met en valeur les produits et les promotions<br \/> \u2022 Veille sur la proprete\u0301 et le rangement des rayons<br \/> \u2022 Effectue le retrait des produits non conformes<br \/> \u2022 Proce\u0300de a\u0300 la facturation (scan produit et cas e\u0301che\u0301ant recherche articles)<br \/> \u2022 S\u2019assure de la re\u0301alite\u0301 de la facturation en manipulant les produits si ne\u0301cessaire<br \/>\u2022 Proce\u0300de aux avoirs et refacturation apre\u0300s contro\u0302le se\u0301curite\u0301 <\/span><\/p>\n<p><strong>2 &#8211; Assurer le bon affichage des prix de vente des produits<br \/><\/strong>\u2022 Re\u0301alise le balisage des rayons (pre\u0301sence des e\u0301tiquettes, prix) conforme\u0301ment a\u0300 la re\u0300glementation.<br \/>\u2022 Effectue la mise a\u0300 jour des changements de tarifs<br \/><span>\u2022 Ve\u0301rifie la bonne correspondance des prix de vente <\/span><\/p>\n<p><span><strong>3 &#8211; Assurer la bonne tenue et l\u2019hygie\u0300ne de l\u2019environnement du poste de facturation<\/strong> <br \/><\/span><span>\u2022 S\u2019assure de la bonne tenue (proprete\u0301 et rangement) du poste de facturation<br \/> <\/span><span>\u2022 S\u2019assure de la bonne tenue et de la proprete\u0301 du \u00ab point cafe\u0301 clients \u00bb et du \u00ab point carton \u00bb<br \/> \u2022 Veille a\u0300 la bonne tenue et proprete\u0301 du coin de\u0301stockage\/bonnes affaires (tri DLC\/affichage prix) <\/span><\/p>\n<p><span><strong>4 &#8211; Renseigne la cliente\u0300le (emplacement d\u2019un produit, prix, qualite\u0301&#8230;)<br \/><\/strong><\/span>\u2022 Oriente, renseigne et conseille le client sur les produits et les promotions<\/p>\n<p><span><strong>Autres missions :<br \/><\/strong><\/span>\u2022 Participe aux inventaires ge\u0301ne\u0301raux et tournants<br \/>\u2022 Effectue de la facturation selon le planning de\u0301finit<br \/>\u2022 S\u2019assure de la bonne facturation des produits et de la concordance des quantite\u0301s<\/p>\n<\/div>\n<\/div>\n<\/div>\n<\/div>\n<p>[\/et_pb_text][\/et_pb_column][\/et_pb_row][et_pb_row column_structure=\u00a0\u00bb1_4,3_4&Prime; _builder_version=\u00a0\u00bb4.6.1&Prime; _module_preset=\u00a0\u00bbdefault\u00a0\u00bb][et_pb_column type=\u00a0\u00bb1_4&Prime; _builder_version=\u00a0\u00bb4.6.1&Prime; _module_preset=\u00a0\u00bbdefault\u00a0\u00bb][et_pb_text _builder_version=\u00a0\u00bb4.6.1&Prime; _module_preset=\u00a0\u00bbdefault\u00a0\u00bb text_font=\u00a0\u00bb|300||on|||||\u00a0\u00bb text_text_color=\u00a0\u00bb#ffffff\u00a0\u00bb header_text_color=\u00a0\u00bb#ffffff\u00a0\u00bb background_color=\u00a0\u00bb#6b6b6b\u00a0\u00bb text_orientation=\u00a0\u00bbcenter\u00a0\u00bb background_layout=\u00a0\u00bbdark\u00a0\u00bb module_alignment=\u00a0\u00bbcenter\u00a0\u00bb custom_padding=\u00a0\u00bb8px||0px||false|false\u00a0\u00bb]<\/p>\n<h3 style=\"text-align: center;\"><strong>PROFIL<\/strong><\/h3>\n<p>[\/et_pb_text][\/et_pb_column][et_pb_column type=\u00a0\u00bb3_4&Prime; _builder_version=\u00a0\u00bb4.6.1&Prime; _module_preset=\u00a0\u00bbdefault\u00a0\u00bb][et_pb_text _builder_version=\u00a0\u00bb4.6.1&Prime; _module_preset=\u00a0\u00bbdefault\u00a0\u00bb hover_enabled=\u00a0\u00bb0&Prime; sticky_enabled=\u00a0\u00bb0&Prime;]<\/p>\n<div class=\"page\" title=\"Page 1\">\n<div class=\"section\">\n<div class=\"layoutArea\">\n<div class=\"column\">\n<p><span><strong>Savoir-faire attendu<\/strong> <\/span><\/p>\n<p><span>\u2022 Avoir le sens du commerce et du service client<br \/> \u2022 Connai\u0302tre et respecter les re\u0300gles d\u2019hygie\u0300ne concernant la manipulation des produits alimentaires \u2022 Connai\u0302tre et respecter les re\u0300gles de stockage et de manutention des produits <\/span><\/p>\n<p><span><strong>Savoir-e\u0302tre attendu<\/strong> <\/span><\/p>\n<p><span>\u2022 Respecte les re\u0300gles de fonctionnement de l\u2019entreprise<br \/> \u2022 Rigueur et adaptabilite\u0301<br \/> \u2022 Respecte les re\u0300gles relatives a\u0300 la se\u0301curite\u0301 des biens et des personnes<br \/>\u2022 Capacite\u0301 a\u0300 travailler en e\u0301quipe <\/span><\/p>\n<p><span><strong>Profil :<\/strong> <\/span><\/p>\n<p><span>\u2022 CAP employe\u0301 de commerce, VCM, MUM ou expe\u0301rience acquise sur un poste similaire<br \/>\u2022 Expe\u0301rience souhaite\u0301e en distribution alimentaire et appre\u0301cie\u0301e en Cash&amp;Carry <\/span><\/p>\n<\/div>\n<\/div>\n<\/div>\n<\/div>\n<p>[\/et_pb_text][\/et_pb_column][\/et_pb_row][et_pb_row _builder_version=\u00a0\u00bb4.6.1&Prime; _module_preset=\u00a0\u00bbdefault\u00a0\u00bb][et_pb_column type=\u00a0\u00bb4_4&Prime; _builder_version=\u00a0\u00bb4.6.1&Prime; _module_preset=\u00a0\u00bbdefault\u00a0\u00bb][et_pb_text _builder_version=\u00a0\u00bb4.6.1&Prime; _module_preset=\u00a0\u00bbdefault\u00a0\u00bb hover_enabled=\u00a0\u00bb0&Prime; sticky_enabled=\u00a0\u00bb0&Prime;]<\/p>\n<div class=\"page\" title=\"Page 1\">\n<div class=\"section\">\n<div class=\"layoutArea\">\n<div class=\"column\">\n<h3 style=\"text-align: center;\"><strong>Contrat \u00e0 dur\u00e9e ind\u00e9termin\u00e9e &#8211; Temps complet : 151,67 heures\/mois<\/strong><\/h3>\n<p style=\"text-align: center;\">Pour toute candidature, merci d\u2019adresser un CV accompagn\u00e9 d\u2019une lettre de motivation manuscrite A l\u2019attention de : Direction des Ressources Humaines\/Laurence LEBON<br \/>10 avenue Th\u00e9odore DROUHET &#8211; ZAC 2000 &#8211; 97 420 Le Port<\/p>\n<p style=\"text-align: center;\"><span style=\"font-size: x-large;\"><strong>Email : recrutement.gd@caille.com<\/strong><\/span><\/p>\n<\/div>\n<\/div>\n<\/div>\n<\/div>\n<p>[\/et_pb_text][\/et_pb_column][\/et_pb_row][et_pb_row _builder_version=\u00a0\u00bb4.6.1&Prime; _module_preset=\u00a0\u00bbdefault\u00a0\u00bb][et_pb_column type=\u00a0\u00bb4_4&Prime; _builder_version=\u00a0\u00bb4.6.1&Prime; _module_preset=\u00a0\u00bbdefault\u00a0\u00bb][et_pb_button button_url=\u00a0\u00bb@ET-DC@eyJkeW5hbWljIjp0cnVlLCJjb250ZW50IjoicG9zdF9saW5rX3VybF9wYWdlIiwic2V0dGluZ3MiOnsicG9zdF9pZCI6IjExMTkifX0=@\u00a0\u00bb button_text=\u00a0\u00bbRETOUR AUX OFFRES\u00a0\u00bb _builder_version=\u00a0\u00bb4.6.1&Prime; _dynamic_attributes=\u00a0\u00bbbutton_url\u00a0\u00bb _module_preset=\u00a0\u00bbdefault\u00a0\u00bb custom_button=\u00a0\u00bbon\u00a0\u00bb button_text_color=\u00a0\u00bb#ffffff\u00a0\u00bb button_bg_color=\u00a0\u00bb#a4326b\u00a0\u00bb button_border_width=\u00a0\u00bb0px\u00a0\u00bb button_icon=\u00a0\u00bb%%19%%\u00a0\u00bb button_icon_placement=\u00a0\u00bbleft\u00a0\u00bb][\/et_pb_button][\/et_pb_column][\/et_pb_row][\/et_pb_section]<\/p>\n","protected":false},"excerpt":{"rendered":"<p>EQUIPIER COMMERCIAL (H\/F) Le\/la Conseiller(\u00e8re) Commercial VN est l\u2019ambassadeur(rice) de la marque et a pour objectif de d\u00e9velopper les ventes du portefeuille clients existants et de prospecter une nouvelle client\u00e8le. FONCTION 1 &#8211; Assurer la disponibilite\u0301, la rotation et la mise en valeur des produits en rayon \u2022 Effectue la mise en rayon et le [&hellip;]<\/p>\n","protected":false},"author":15,"featured_media":0,"parent":0,"menu_order":0,"comment_status":"closed","ping_status":"closed","template":"","meta":{"_et_pb_use_builder":"on","_et_pb_old_content":"","_et_gb_content_width":""},"_links":{"self":[{"href":"https:\/\/groupecaille.com\/index.php\/wp-json\/wp\/v2\/pages\/6844"}],"collection":[{"href":"https:\/\/groupecaille.com\/index.php\/wp-json\/wp\/v2\/pages"}],"about":[{"href":"https:\/\/groupecaille.com\/index.php\/wp-json\/wp\/v2\/types\/page"}],"author":[{"embeddable":true,"href":"https:\/\/groupecaille.com\/index.php\/wp-json\/wp\/v2\/users\/15"}],"replies":[{"embeddable":true,"href":"https:\/\/groupecaille.com\/index.php\/wp-json\/wp\/v2\/comments?post=6844"}],"version-history":[{"count":2,"href":"https:\/\/groupecaille.com\/index.php\/wp-json\/wp\/v2\/pages\/6844\/revisions"}],"predecessor-version":[{"id":6850,"href":"https:\/\/groupecaille.com\/index.php\/wp-json\/wp\/v2\/pages\/6844\/revisions\/6850"}],"wp:attachment":[{"href":"https:\/\/groupecaille.com\/index.php\/wp-json\/wp\/v2\/media?parent=6844"}],"curies":[{"name":"wp","href":"https:\/\/api.w.org\/{rel}","templated":true}]}}