{"id":5882,"date":"2021-08-26T15:48:36","date_gmt":"2021-08-26T11:48:36","guid":{"rendered":"https:\/\/groupecaille.com\/?page_id=5882"},"modified":"2021-08-26T15:51:38","modified_gmt":"2021-08-26T11:51:38","slug":"conseiller-commercial-societes-h-f","status":"publish","type":"page","link":"https:\/\/groupecaille.com\/index.php\/conseiller-commercial-societes-h-f\/","title":{"rendered":"Conseiller commercial societes (H\/F)"},"content":{"rendered":"<p>[et_pb_section fb_built=\u00a0\u00bb1&Prime; _builder_version=\u00a0\u00bb4.6.1&Prime; _module_preset=\u00a0\u00bbdefault\u00a0\u00bb][et_pb_row _builder_version=\u00a0\u00bb4.6.1&Prime; _module_preset=\u00a0\u00bbdefault\u00a0\u00bb background_color=\u00a0\u00bb#a4326b\u00a0\u00bb][et_pb_column type=\u00a0\u00bb4_4&Prime; _builder_version=\u00a0\u00bb4.6.1&Prime; _module_preset=\u00a0\u00bbdefault\u00a0\u00bb][et_pb_text _builder_version=\u00a0\u00bb4.6.1&Prime; _module_preset=\u00a0\u00bbdefault\u00a0\u00bb header_text_align=\u00a0\u00bbcenter\u00a0\u00bb header_text_color=\u00a0\u00bb#ffffff\u00a0\u00bb hover_enabled=\u00a0\u00bb0&Prime; sticky_enabled=\u00a0\u00bb0&Prime;]<\/p>\n<div class=\"page\" title=\"Page 1\">\n<div class=\"section\">\n<div class=\"layoutArea\">\n<div class=\"column\">\n<h1 style=\"text-align: center;\">CONSEILLER COMMERCIAL SOCIETES (H\/F)<\/h1>\n<\/div>\n<\/div>\n<\/div>\n<\/div>\n<p>[\/et_pb_text][\/et_pb_column][\/et_pb_row][et_pb_row _builder_version=\u00a0\u00bb4.6.1&Prime; _module_preset=\u00a0\u00bbdefault\u00a0\u00bb][et_pb_column type=\u00a0\u00bb4_4&Prime; _builder_version=\u00a0\u00bb4.6.1&Prime; _module_preset=\u00a0\u00bbdefault\u00a0\u00bb][et_pb_text _builder_version=\u00a0\u00bb4.6.1&Prime; _module_preset=\u00a0\u00bbdefault\u00a0\u00bb hover_enabled=\u00a0\u00bb0&Prime; sticky_enabled=\u00a0\u00bb0&Prime;]<\/p>\n<p style=\"text-align: center;\"><strong>Rattach\u00e9(e) au Responsable Peugeot Professionnel, le\/la Conseiller(.re) Commercial Soci\u00e9t\u00e9.s a pour objectif de d\u00e9velopper les ventes du portefeuille clients existants et de prospecter une nouvelle client\u00e8le.<\/strong><\/p>\n<p>[\/et_pb_text][\/et_pb_column][\/et_pb_row][et_pb_row column_structure=\u00a0\u00bb1_4,3_4&Prime; _builder_version=\u00a0\u00bb4.6.1&Prime; _module_preset=\u00a0\u00bbdefault\u00a0\u00bb][et_pb_column type=\u00a0\u00bb1_4&Prime; _builder_version=\u00a0\u00bb4.6.1&Prime; _module_preset=\u00a0\u00bbdefault\u00a0\u00bb][et_pb_text _builder_version=\u00a0\u00bb4.6.1&Prime; _module_preset=\u00a0\u00bbdefault\u00a0\u00bb text_font=\u00a0\u00bb|300||on|||||\u00a0\u00bb text_text_color=\u00a0\u00bb#ffffff\u00a0\u00bb header_text_color=\u00a0\u00bb#ffffff\u00a0\u00bb background_color=\u00a0\u00bb#6b6b6b\u00a0\u00bb text_orientation=\u00a0\u00bbcenter\u00a0\u00bb background_layout=\u00a0\u00bbdark\u00a0\u00bb module_alignment=\u00a0\u00bbcenter\u00a0\u00bb custom_padding=\u00a0\u00bb8px||0px||false|false\u00a0\u00bb]<\/p>\n<h3 style=\"text-align: center;\"><strong>FONCTION<\/strong><\/h3>\n<p>[\/et_pb_text][\/et_pb_column][et_pb_column type=\u00a0\u00bb3_4&Prime; _builder_version=\u00a0\u00bb4.6.1&Prime; _module_preset=\u00a0\u00bbdefault\u00a0\u00bb][et_pb_text _builder_version=\u00a0\u00bb4.6.1&Prime; _module_preset=\u00a0\u00bbdefault\u00a0\u00bb hover_enabled=\u00a0\u00bb0&Prime; sticky_enabled=\u00a0\u00bb0&Prime;]<\/p>\n<p class=\"p1\"><strong>Dans ce cadre, il\/elle r\u00e9alise notamment les missions suivantes :<\/strong><\/p>\n<p class=\"p1\">\u2022 Prospection, d\u00e9veloppement et fid\u00e9lisation de la client\u00e8le<\/p>\n<p class=\"p1\">\u2022 Commercialisation des v\u00e9hicules<\/p>\n<p class=\"p1\">\u2022 Pr\u00e9sentation et vente des financements possibles, des \u00e9quipements et des produits p\u00e9riph\u00e9riques<\/p>\n<p class=\"p1\">\u2022 Suivi de la livraison du\/des v\u00e9hicule(s) au client<\/p>\n<p class=\"p1\">\u2022 Gestion d\u2019une commande globale, incluant la prestation de fournisseurs (carrossiers, \u00e9quipementiers, etc.)<\/p>\n<p class=\"p1\">\u2022 Gestion administrative des activit\u00e9s de commercialisation<\/p>\n<p class=\"p1\">\u2022 Conseil en adaptation et\/ou am\u00e9nagement du v\u00e9hicule et, le cas \u00e9ch\u00e9ant, suivi de la gestion<\/p>\n<p class=\"p1\">des am\u00e9nagements (hors carrossage)<\/p>\n<p class=\"p1\">\u2022 Conseil fiscal aupr\u00e8s du clien<\/p>\n<p class=\"p1\">\n[\/et_pb_text][\/et_pb_column][\/et_pb_row][et_pb_row column_structure=\u00a0\u00bb1_4,3_4&Prime; _builder_version=\u00a0\u00bb4.6.1&Prime; _module_preset=\u00a0\u00bbdefault\u00a0\u00bb][et_pb_column type=\u00a0\u00bb1_4&Prime; _builder_version=\u00a0\u00bb4.6.1&Prime; _module_preset=\u00a0\u00bbdefault\u00a0\u00bb][et_pb_text _builder_version=\u00a0\u00bb4.6.1&Prime; _module_preset=\u00a0\u00bbdefault\u00a0\u00bb text_font=\u00a0\u00bb|300||on|||||\u00a0\u00bb text_text_color=\u00a0\u00bb#ffffff\u00a0\u00bb header_text_color=\u00a0\u00bb#ffffff\u00a0\u00bb background_color=\u00a0\u00bb#6b6b6b\u00a0\u00bb text_orientation=\u00a0\u00bbcenter\u00a0\u00bb background_layout=\u00a0\u00bbdark\u00a0\u00bb module_alignment=\u00a0\u00bbcenter\u00a0\u00bb custom_padding=\u00a0\u00bb8px||0px||false|false\u00a0\u00bb]<\/p>\n<h3 style=\"text-align: center;\"><strong>PROFIL<\/strong><\/h3>\n<p>[\/et_pb_text][\/et_pb_column][et_pb_column type=\u00a0\u00bb3_4&Prime; _builder_version=\u00a0\u00bb4.6.1&Prime; _module_preset=\u00a0\u00bbdefault\u00a0\u00bb][et_pb_text _builder_version=\u00a0\u00bb4.6.1&Prime; _module_preset=\u00a0\u00bbdefault\u00a0\u00bb hover_enabled=\u00a0\u00bb0&Prime; sticky_enabled=\u00a0\u00bb0&Prime;]<\/p>\n<p class=\"p1\"><strong>Savoir-faire attendu :<\/strong><\/p>\n<p class=\"p1\">\u2022 Passionn\u00e9(e) d\u2019automobile et disposer d\u2019une r\u00e9elle pugnacit\u00e9 commerciale<\/p>\n<p class=\"p1\">\u2022 Aimer les d\u00e9fis et se battre pour l\u2019atteinte des objectifs commerciaux mensuels<\/p>\n<p class=\"p1\">\u2022 Savoir g\u00e9rer son temps (Prospection t\u00e9l\u00e9phonique, RDV client, Devis, Relances, etc.)<\/p>\n<p class=\"p1\"><strong><\/strong><\/p>\n<p class=\"p1\"><strong>Savoir-\u00eatre attendu :<\/strong><\/p>\n<p class=\"p1\">\u2022 Rigueur et qualit\u00e9 d\u2019organisation<\/p>\n<p class=\"p1\">\u2022 Autonomie<\/p>\n<p class=\"p1\">\u2022 Avoir un excellent sens relationnel afin de s\u2019adapter avec diplomatie \u00e0 chaque interlocuteur<\/p>\n<p class=\"p1\">(client et en interne)<\/p>\n<p class=\"p1\"><strong><\/strong><\/p>\n<p class=\"p1\"><strong>Profil :<\/strong><\/p>\n<p class=\"p1\">\u2022 Exp\u00e9rience r\u00e9ussie en vente automobile et\/ou BAC+2 orient\u00e9 Vente \/\/ Titre de vendeur confirm\u00e9 GNFA<\/p>\n<p class=\"p1\">\u2022 Exp\u00e9rience probante dans la vente \u00e0 professionnels hors automobile est envisageable selon profil<\/p>\n<p class=\"p1\">\u2022 Permis B indispensable<\/p>\n<p>[\/et_pb_text][\/et_pb_column][\/et_pb_row][et_pb_row _builder_version=\u00a0\u00bb4.6.1&Prime; _module_preset=\u00a0\u00bbdefault\u00a0\u00bb][et_pb_column type=\u00a0\u00bb4_4&Prime; _builder_version=\u00a0\u00bb4.6.1&Prime; _module_preset=\u00a0\u00bbdefault\u00a0\u00bb][et_pb_text _builder_version=\u00a0\u00bb4.6.1&Prime; _module_preset=\u00a0\u00bbdefault\u00a0\u00bb hover_enabled=\u00a0\u00bb0&Prime; sticky_enabled=\u00a0\u00bb0&Prime;]<\/p>\n<div class=\"page\" title=\"Page 1\">\n<div class=\"section\">\n<div class=\"layoutArea\">\n<div class=\"column\">\n<h3 style=\"text-align: center;\">Contrat \u00e0 dur\u00e9e ind\u00e9termin\u00e9e &#8211; Temps complet : 151,67 heures\/mois<\/h3>\n<p><strong><\/strong><\/p>\n<p style=\"text-align: center;\">Pour toute candidature, merci d\u2019adresser un CV accompagn\u00e9 d\u2019une lettre de motivation manuscrite A l\u2019attention de Direction des Ressources Humaines &#8211; 31,rue Jules Verne &#8211; Z.I n\u00b02 &#8211; 97 420 LE PORT<\/p>\n<p style=\"text-align: center;\"><strong>Email : recrutement.auto@caille.com<\/strong><\/p>\n<\/div>\n<\/div>\n<\/div>\n<\/div>\n<p>[\/et_pb_text][\/et_pb_column][\/et_pb_row][et_pb_row _builder_version=\u00a0\u00bb4.6.1&Prime; _module_preset=\u00a0\u00bbdefault\u00a0\u00bb][et_pb_column type=\u00a0\u00bb4_4&Prime; _builder_version=\u00a0\u00bb4.6.1&Prime; _module_preset=\u00a0\u00bbdefault\u00a0\u00bb][et_pb_button button_url=\u00a0\u00bb@ET-DC@eyJkeW5hbWljIjp0cnVlLCJjb250ZW50IjoicG9zdF9saW5rX3VybF9wYWdlIiwic2V0dGluZ3MiOnsicG9zdF9pZCI6IjExMTkifX0=@\u00a0\u00bb button_text=\u00a0\u00bbRETOUR AUX OFFRES\u00a0\u00bb _builder_version=\u00a0\u00bb4.6.1&Prime; _dynamic_attributes=\u00a0\u00bbbutton_url\u00a0\u00bb _module_preset=\u00a0\u00bbdefault\u00a0\u00bb custom_button=\u00a0\u00bbon\u00a0\u00bb button_text_color=\u00a0\u00bb#ffffff\u00a0\u00bb button_bg_color=\u00a0\u00bb#a4326b\u00a0\u00bb button_border_width=\u00a0\u00bb0px\u00a0\u00bb button_icon=\u00a0\u00bb%%19%%\u00a0\u00bb button_icon_placement=\u00a0\u00bbleft\u00a0\u00bb][\/et_pb_button][\/et_pb_column][\/et_pb_row][\/et_pb_section]<\/p>\n","protected":false},"excerpt":{"rendered":"<p>CONSEILLER COMMERCIAL SOCIETES (H\/F) Rattach\u00e9(e) au Responsable Peugeot Professionnel, le\/la Conseiller(.re) Commercial Soci\u00e9t\u00e9.s a pour objectif de d\u00e9velopper les ventes du portefeuille clients existants et de prospecter une nouvelle client\u00e8le. FONCTIONDans ce cadre, il\/elle r\u00e9alise notamment les missions suivantes : \u2022 Prospection, d\u00e9veloppement et fid\u00e9lisation de la client\u00e8le \u2022 Commercialisation des v\u00e9hicules \u2022 Pr\u00e9sentation et [&hellip;]<\/p>\n","protected":false},"author":21,"featured_media":0,"parent":0,"menu_order":0,"comment_status":"closed","ping_status":"closed","template":"","meta":{"_et_pb_use_builder":"on","_et_pb_old_content":"","_et_gb_content_width":""},"_links":{"self":[{"href":"https:\/\/groupecaille.com\/index.php\/wp-json\/wp\/v2\/pages\/5882"}],"collection":[{"href":"https:\/\/groupecaille.com\/index.php\/wp-json\/wp\/v2\/pages"}],"about":[{"href":"https:\/\/groupecaille.com\/index.php\/wp-json\/wp\/v2\/types\/page"}],"author":[{"embeddable":true,"href":"https:\/\/groupecaille.com\/index.php\/wp-json\/wp\/v2\/users\/21"}],"replies":[{"embeddable":true,"href":"https:\/\/groupecaille.com\/index.php\/wp-json\/wp\/v2\/comments?post=5882"}],"version-history":[{"count":2,"href":"https:\/\/groupecaille.com\/index.php\/wp-json\/wp\/v2\/pages\/5882\/revisions"}],"predecessor-version":[{"id":5891,"href":"https:\/\/groupecaille.com\/index.php\/wp-json\/wp\/v2\/pages\/5882\/revisions\/5891"}],"wp:attachment":[{"href":"https:\/\/groupecaille.com\/index.php\/wp-json\/wp\/v2\/media?parent=5882"}],"curies":[{"name":"wp","href":"https:\/\/api.w.org\/{rel}","templated":true}]}}